{"id":2166,"date":"2023-03-13T18:41:06","date_gmt":"2023-03-13T18:41:06","guid":{"rendered":"https:\/\/somosdaniysofi.com\/?page_id=2166"},"modified":"2025-06-28T13:28:15","modified_gmt":"2025-06-28T13:28:15","slug":"fotografia-de-recien-nacido","status":"publish","type":"page","link":"https:\/\/somosdaniysofi.com\/index.php\/fotografia-de-recien-nacido\/","title":{"rendered":"Reci\u00e9n nacido"},"content":{"rendered":"\n<div class=\"wp-block-uagb-container uagb-block-844df634 alignfull uagb-is-root-container\"><div class=\"uagb-container-inner-blocks-wrap\">\n<div class=\"wp-block-uagb-container uagb-block-9f0c4edb\">\n<div class=\"wp-block-uagb-info-box uagb-block-f8a8dc60 uagb-infobox__content-wrap  uagb-infobox-icon-above-title uagb-infobox-image-valign-top\"><div class=\"uagb-ifb-content\"><div class=\"uagb-ifb-title-wrap\"><h1 class=\"uagb-ifb-title\">Fotograf\u00eda DE Reci\u00e9n nacido<\/h1><\/div><\/div><\/div>\n\n\n\n<div class=\"wp-block-uagb-advanced-heading uagb-block-9d0c5288\"><h2 class=\"uagb-heading-text\">En nuestras sesiones de fotograf\u00eda de reci\u00e9n nacido en Madrid, nos aseguramos de trabajar con suavidad y cuidado para que tanto t\u00fa como tu beb\u00e9 est\u00e9is c\u00f3modos y relajados durante la sesi\u00f3n.<br><br>Nuestro objetivo es capturar los primeros momentos m\u00e1s tiernos y m\u00e1gicos de la vida de tu beb\u00e9 y crear im\u00e1genes \u00fanicas e inolvidables que puedas disfrutar por siempre.<\/h2><\/div>\n<\/div>\n\n\n\n<div class=\"wp-block-uagb-container uagb-block-bce7a3c5\">\n<div class=\"wp-block-uagb-image aligncenter uagb-block-846cc34b wp-block-uagb-image--layout-default wp-block-uagb-image--effect-static wp-block-uagb-image--align-center\"><figure class=\"wp-block-uagb-image__figure\"><img decoding=\"async\" srcset=\"https:\/\/somosdaniysofi.com\/wp-content\/uploads\/2023\/03\/Alma-10-1024x684.jpg \" sizes=\"auto, (max-width: 480px) 150px\" src=\"https:\/\/somosdaniysofi.com\/wp-content\/uploads\/2023\/03\/Alma-10-1024x684.jpg\" alt=\"Una imagen vale m\u00e1s que mil palabras, y nuestra fotograf\u00eda de reci\u00e9n nacido captura la dulzura y la ternura de tu beb\u00e9 reci\u00e9n llegado al mundo. En Madrid, nuestro servicio profesional de fotograf\u00eda de reci\u00e9n nacidos te brinda la oportunidad de capturar momentos \u00fanicos con tu peque\u00f1o\/a que durar\u00e1n toda la vida. \u00a1Cont\u00e1ctanos para reservar tu sesi\u00f3n y crear recuerdos inolvidables!\" class=\"uag-image-2234\" width=\"1024\" height=\"684\" title=\"\" loading=\"lazy\" role=\"img\"\/><\/figure><\/div>\n<\/div>\n<\/div><\/div>\n\n\n\n<div class=\"wp-block-uagb-container uagb-block-1f84e744 alignfull uagb-is-root-container\"><div class=\"uagb-container-inner-blocks-wrap\">\n<div class=\"wp-block-uagb-blockquote uagb-block-773fe87c uagb-blockquote__skin-quotation uagb-blockquote__align-center uagb-blockquote__style-style_1 uagb-blockquote__stack-img-none\"><blockquote class=\"uagb-blockquote\"><span class=\"uagb-blockquote__icon\"><svg width=\"20\" height=\"20\" viewBox=\"0 0 32 32\"><path d=\"M7.031 14c3.866 0 7 3.134 7 7s-3.134 7-7 7-7-3.134-7-7l-0.031-1c0-7.732 6.268-14 14-14v4c-2.671 0-5.182 1.040-7.071 2.929-0.364 0.364-0.695 0.751-0.995 1.157 0.357-0.056 0.724-0.086 1.097-0.086zM25.031 14c3.866 0 7 3.134 7 7s-3.134 7-7 7-7-3.134-7-7l-0.031-1c0-7.732 6.268-14 14-14v4c-2.671 0-5.182 1.040-7.071 2.929-0.364 0.364-0.695 0.751-0.995 1.157 0.358-0.056 0.724-0.086 1.097-0.086z\"><\/path><\/svg><\/span><div class=\"uagb-blockquote__content\"><br>Sabemos lo importante que es este momento y por eso nos aseguramos de crear un ambiente acogedor y seguro para ti y tu\u00a0beb\u00e9.<br>Durante la sesi\u00f3n, nos tomaremos el tiempo necesario para capturar los momentos m\u00e1s tiernos y especiales,<br>y trabajaremos con paciencia y cari\u00f1o para obtener im\u00e1genes \u00fanicas e inolvidables.<\/div><footer><div class=\"uagb-blockquote__author-wrap uagb-blockquote__author-at-left\"><\/div><\/footer><\/blockquote><\/div>\n<\/div><\/div>\n\n\n\n<div class=\"wp-block-uagb-container uagb-block-cafff9c4 alignfull uagb-is-root-container\"><div class=\"uagb-container-inner-blocks-wrap\">\n<div class=\"wp-block-uagb-container uagb-block-48b9d0f2\">\n<div class=\"wp-block-uagb-image uagb-block-c32c7500 wp-block-uagb-image--layout-default wp-block-uagb-image--effect-static wp-block-uagb-image--align-none\"><figure class=\"wp-block-uagb-image__figure\"><img decoding=\"async\" srcset=\"https:\/\/somosdaniysofi.com\/wp-content\/uploads\/2023\/03\/Alma-8-1024x684.jpg \" sizes=\"auto, (max-width: 480px) 150px\" src=\"https:\/\/somosdaniysofi.com\/wp-content\/uploads\/2023\/03\/Alma-8-1024x684.jpg\" alt=\"Fotograf\u00eda de reci\u00e9n nacido en Madrid: sesi\u00f3n personalizada\" class=\"uag-image-3259\" width=\"1024\" height=\"684\" title=\"\" loading=\"lazy\" role=\"img\"\/><\/figure><\/div>\n<\/div>\n\n\n\n<div class=\"wp-block-uagb-container uagb-block-11f5c564\">\n<div class=\"wp-block-uagb-image uagb-block-82f51760 wp-block-uagb-image--layout-default wp-block-uagb-image--effect-static wp-block-uagb-image--align-none\"><figure class=\"wp-block-uagb-image__figure\"><img decoding=\"async\" srcset=\"https:\/\/somosdaniysofi.com\/wp-content\/uploads\/2023\/03\/Alma-6-1024x684.jpg \" sizes=\"auto, (max-width: 480px) 150px\" src=\"https:\/\/somosdaniysofi.com\/wp-content\/uploads\/2023\/03\/Alma-6-1024x684.jpg\" alt=\"Sesiones de fotograf\u00eda de reci\u00e9n nacido en Madrid\" class=\"uag-image-3257\" width=\"1024\" height=\"684\" title=\"\" loading=\"lazy\" role=\"img\"\/><\/figure><\/div>\n<\/div>\n<\/div><\/div>\n\n\n\n<div class=\"wp-block-uagb-container uagb-block-6c59a6ee alignfull uagb-is-root-container\"><div class=\"uagb-container-inner-blocks-wrap\">\n<div class=\"wp-block-uagb-advanced-heading uagb-block-5f524ab8\"><h3 class=\"uagb-heading-text\"><em>Captura la dulzura de los primeros d\u00edas de vida de tu beb\u00e9 con nuestras sesiones de fotograf\u00eda de reci\u00e9n nacido. Con nuestro servicio atento, profesional y emotivo, tendr\u00e1s im\u00e1genes que durar\u00e1n toda la vida.<\/em><\/h3><\/div>\n<\/div><\/div>\n\n\n\n<div class=\"wp-block-uagb-container uagb-block-d6686f96 alignfull uagb-is-root-container\"><div class=\"uagb-container-inner-blocks-wrap\">\n<div class=\"wp-block-uagb-container uagb-block-9c9eedc4\">\n<div class=\"wp-block-uagb-image uagb-block-bad364ad wp-block-uagb-image--layout-default wp-block-uagb-image--effect-static wp-block-uagb-image--align-none\"><figure class=\"wp-block-uagb-image__figure\"><img decoding=\"async\" srcset=\"https:\/\/somosdaniysofi.com\/wp-content\/uploads\/2023\/03\/Alma-20-1024x684.jpg \" sizes=\"auto, (max-width: 480px) 150px\" src=\"https:\/\/somosdaniysofi.com\/wp-content\/uploads\/2023\/03\/Alma-20-1024x684.jpg\" alt=\"Fotograf\u00eda de reci\u00e9n nacido en Madrid: momentos inolvidables\" class=\"uag-image-3268\" width=\"1024\" height=\"684\" title=\"\" loading=\"lazy\" role=\"img\"\/><\/figure><\/div>\n<\/div>\n\n\n\n<div class=\"wp-block-uagb-container uagb-block-3b8f75c5\">\n<div class=\"wp-block-uagb-image uagb-block-a04f445b wp-block-uagb-image--layout-default wp-block-uagb-image--effect-static wp-block-uagb-image--align-none\"><figure class=\"wp-block-uagb-image__figure\"><img decoding=\"async\" srcset=\"https:\/\/somosdaniysofi.com\/wp-content\/uploads\/2023\/03\/Alma-16-1024x684.jpg \" sizes=\"auto, (max-width: 480px) 150px\" src=\"https:\/\/somosdaniysofi.com\/wp-content\/uploads\/2023\/03\/Alma-16-1024x684.jpg\" alt=\"\" class=\"uag-image-2231\" width=\"1024\" height=\"684\" title=\"\" loading=\"lazy\" role=\"img\"\/><\/figure><\/div>\n<\/div>\n<\/div><\/div>\n\n\n\n<div class=\"wp-block-uagb-container uagb-block-b99425a0 alignfull uagb-is-root-container\"><div class=\"uagb-container-inner-blocks-wrap\">\n<div class=\"wp-block-uagb-advanced-heading uagb-block-3594efcb\"><h3 class=\"uagb-heading-text\"><em>Si est\u00e1s buscando una sesi\u00f3n de fotograf\u00eda de reci\u00e9n nacido que capture la dulzura y la ternura de tu peque\u00f1o\/a, est\u00e1s en el lugar correcto. Ofrecemos variedad de opciones de fotograf\u00eda para satisfacer tus necesidades y gustos personales. Desde sesiones en estudio hasta sesiones One to One a domicilio si as\u00ed lo prefieres. Estamos especializados en hacer que tu experiencia sea \u00fanica y memorable.<\/em><\/h3><\/div>\n<\/div><\/div>\n\n\n\n<div class=\"wp-block-uagb-container uagb-block-29fca510 alignfull uagb-is-root-container\"><div class=\"uagb-container-inner-blocks-wrap\">\n<div class=\"wp-block-uagb-container uagb-block-e167f026\">\n<div class=\"wp-block-uagb-image aligncenter uagb-block-c156eb16 wp-block-uagb-image--layout-default wp-block-uagb-image--effect-static wp-block-uagb-image--align-center\"><figure class=\"wp-block-uagb-image__figure\"><img decoding=\"async\" srcset=\"https:\/\/somosdaniysofi.com\/wp-content\/uploads\/2023\/03\/Alma-4-684x1024.jpg \" sizes=\"auto, (max-width: 480px) 150px\" src=\"https:\/\/somosdaniysofi.com\/wp-content\/uploads\/2023\/03\/Alma-4-684x1024.jpg\" alt=\"\" class=\"uag-image-3254\" width=\"684\" height=\"1024\" title=\"\" loading=\"lazy\" role=\"img\"\/><\/figure><\/div>\n<\/div>\n\n\n\n<div class=\"wp-block-uagb-container uagb-block-7f497884\">\n<div class=\"wp-block-uagb-image aligncenter uagb-block-d0d8e3ce wp-block-uagb-image--layout-default wp-block-uagb-image--effect-static wp-block-uagb-image--align-center\"><figure class=\"wp-block-uagb-image__figure\"><img decoding=\"async\" srcset=\"https:\/\/somosdaniysofi.com\/wp-content\/uploads\/2023\/03\/Alma-15-684x1024.jpg \" sizes=\"auto, (max-width: 480px) 150px\" src=\"https:\/\/somosdaniysofi.com\/wp-content\/uploads\/2023\/03\/Alma-15-684x1024.jpg\" alt=\"\" class=\"uag-image-3263\" width=\"684\" height=\"1024\" title=\"\" loading=\"lazy\" role=\"img\"\/><\/figure><\/div>\n<\/div>\n\n\n\n<div class=\"wp-block-uagb-container uagb-block-239a42b4\">\n<div class=\"wp-block-uagb-image aligncenter uagb-block-bd711378 wp-block-uagb-image--layout-default wp-block-uagb-image--effect-static wp-block-uagb-image--align-center\"><figure class=\"wp-block-uagb-image__figure\"><img decoding=\"async\" srcset=\"https:\/\/somosdaniysofi.com\/wp-content\/uploads\/2023\/03\/Alma-12-684x1024.jpg \" sizes=\"auto, (max-width: 480px) 150px\" src=\"https:\/\/somosdaniysofi.com\/wp-content\/uploads\/2023\/03\/Alma-12-684x1024.jpg\" alt=\"\" class=\"uag-image-3260\" width=\"684\" height=\"1024\" title=\"\" loading=\"lazy\" role=\"img\"\/><\/figure><\/div>\n<\/div>\n<\/div><\/div>\n\n\n\n<div class=\"wp-block-uagb-container uagb-block-85429a0a alignfull uagb-is-root-container\"><div class=\"uagb-container-inner-blocks-wrap\">\n<div class=\"wp-block-uagb-advanced-heading uagb-block-cd4d5257\"><h3 class=\"uagb-heading-text\">Fotograf\u00eda de reci\u00e9n nacido en Madrid: Crea recuerdos \u00fanicos e inolvidables con nuestro servicio personalizado y profesional de fotograf\u00eda para beb\u00e9s.<\/h3><\/div>\n<\/div><\/div>\n\n\n\n<div class=\"wp-block-uagb-container uagb-block-b2d80545 alignfull uagb-is-root-container\"><div class=\"uagb-container-inner-blocks-wrap\">\n<div class=\"wp-block-uagb-advanced-heading uagb-block-898e6397\"><p class=\"uagb-heading-text\"><strong>\u00bfTIENES DUDAS?<\/strong><\/p><p class=\"uagb-desc-text\">Nosotros te ayudamos<\/p><\/div>\n\n\n<div class=\"wp-block-uagb-faq uagb-faq__outer-wrap uagb-block-2752430f uagb-faq-icon-row-reverse uagb-faq-layout-accordion uagb-faq-expand-first-false uagb-faq-inactive-other-true uagb-faq__wrap uagb-buttons-layout-wrap uagb-faq-equal-height     \" data-faqtoggle=\"true\" role=\"tablist\"><div class=\"wp-block-uagb-faq-child uagb-faq-child__outer-wrap uagb-faq-item uagb-block-615d575b \" role=\"tab\" tabindex=\"0\"><div class=\"uagb-faq-questions-button uagb-faq-questions\">\t\t\t<span class=\"uagb-icon uagb-faq-icon-wrap\">\n\t\t\t\t\t\t\t\t<svg xmlns=\"https:\/\/www.w3.org\/2000\/svg\" viewBox= \"0 0 448 512\"><path d=\"M432 256c0 17.69-14.33 32.01-32 32.01H256v144c0 17.69-14.33 31.99-32 31.99s-32-14.3-32-31.99v-144H48c-17.67 0-32-14.32-32-32.01s14.33-31.99 32-31.99H192v-144c0-17.69 14.33-32.01 32-32.01s32 14.32 32 32.01v144h144C417.7 224 432 238.3 432 256z\"><\/path><\/svg>\n\t\t\t\t\t\t\t<\/span>\n\t\t\t\t\t\t<span class=\"uagb-icon-active uagb-faq-icon-wrap\">\n\t\t\t\t\t\t\t\t<svg xmlns=\"https:\/\/www.w3.org\/2000\/svg\" viewBox= \"0 0 448 512\"><path d=\"M400 288h-352c-17.69 0-32-14.32-32-32.01s14.31-31.99 32-31.99h352c17.69 0 32 14.3 32 31.99S417.7 288 400 288z\"><\/path><\/svg>\n\t\t\t\t\t\t\t<\/span>\n\t\t\t<span class=\"uagb-question\">\u00bfCu\u00e1ndo es recomendable hacer la sesi\u00f3n de reci\u00e9n nacido?<\/span><\/div><div class=\"uagb-faq-content\"><p>Recomendamos hacer la sesi\u00f3n de fotos de reci\u00e9n nacido durante los primeros 5 a 15 d\u00edas de vida del beb\u00e9. En este periodo, los reci\u00e9n nacidos suelen estar m\u00e1s dispuestos a adoptar posturas y a dormir profundamente, lo que permite capturar las poses m\u00e1s encantadoras y naturales durante la sesi\u00f3n.<\/p><\/div><\/div><div class=\"wp-block-uagb-faq-child uagb-faq-child__outer-wrap uagb-faq-item uagb-block-b59580fe \" role=\"tab\" tabindex=\"0\"><div class=\"uagb-faq-questions-button uagb-faq-questions\">\t\t\t<span class=\"uagb-icon uagb-faq-icon-wrap\">\n\t\t\t\t\t\t\t\t<svg xmlns=\"https:\/\/www.w3.org\/2000\/svg\" viewBox= \"0 0 448 512\"><path d=\"M432 256c0 17.69-14.33 32.01-32 32.01H256v144c0 17.69-14.33 31.99-32 31.99s-32-14.3-32-31.99v-144H48c-17.67 0-32-14.32-32-32.01s14.33-31.99 32-31.99H192v-144c0-17.69 14.33-32.01 32-32.01s32 14.32 32 32.01v144h144C417.7 224 432 238.3 432 256z\"><\/path><\/svg>\n\t\t\t\t\t\t\t<\/span>\n\t\t\t\t\t\t<span class=\"uagb-icon-active uagb-faq-icon-wrap\">\n\t\t\t\t\t\t\t\t<svg xmlns=\"https:\/\/www.w3.org\/2000\/svg\" viewBox= \"0 0 448 512\"><path d=\"M400 288h-352c-17.69 0-32-14.32-32-32.01s14.31-31.99 32-31.99h352c17.69 0 32 14.3 32 31.99S417.7 288 400 288z\"><\/path><\/svg>\n\t\t\t\t\t\t\t<\/span>\n\t\t\t<span class=\"uagb-question\">\u00bfQu\u00e9 debo llevar para la sesi\u00f3n de fotos de mi beb\u00e9?<\/span><\/div><div class=\"uagb-faq-content\"><p>Para la sesi\u00f3n de fotos de tu beb\u00e9, te sugerimos llevar 2 conjuntos de ropa c\u00f3moda y suelta que permita mover al beb\u00e9 con facilidad. Te recomendamos optar por colores suaves y neutros que no distraigan la atenci\u00f3n de la estrella del d\u00eda. La idea es crear un ambiente relajado y sencillo que permita capturar las expresiones y posturas naturales del beb\u00e9 en las fotos.<\/p><\/div><\/div><div class=\"wp-block-uagb-faq-child uagb-faq-child__outer-wrap uagb-faq-item uagb-block-65c355e7 \" role=\"tab\" tabindex=\"0\"><div class=\"uagb-faq-questions-button uagb-faq-questions\">\t\t\t<span class=\"uagb-icon uagb-faq-icon-wrap\">\n\t\t\t\t\t\t\t\t<svg xmlns=\"https:\/\/www.w3.org\/2000\/svg\" viewBox= \"0 0 448 512\"><path d=\"M432 256c0 17.69-14.33 32.01-32 32.01H256v144c0 17.69-14.33 31.99-32 31.99s-32-14.3-32-31.99v-144H48c-17.67 0-32-14.32-32-32.01s14.33-31.99 32-31.99H192v-144c0-17.69 14.33-32.01 32-32.01s32 14.32 32 32.01v144h144C417.7 224 432 238.3 432 256z\"><\/path><\/svg>\n\t\t\t\t\t\t\t<\/span>\n\t\t\t\t\t\t<span class=\"uagb-icon-active uagb-faq-icon-wrap\">\n\t\t\t\t\t\t\t\t<svg xmlns=\"https:\/\/www.w3.org\/2000\/svg\" viewBox= \"0 0 448 512\"><path d=\"M400 288h-352c-17.69 0-32-14.32-32-32.01s14.31-31.99 32-31.99h352c17.69 0 32 14.3 32 31.99S417.7 288 400 288z\"><\/path><\/svg>\n\t\t\t\t\t\t\t<\/span>\n\t\t\t<span class=\"uagb-question\">\u00bfD\u00f3nde se realiza\u00a0la sesi\u00f3n?<\/span><\/div><div class=\"uagb-faq-content\"><p>Nuestra sesi\u00f3n de fotograf\u00eda de reci\u00e9n nacidos puede hacerse tanto en tu hogar como en un estudio fotogr\u00e1fico. La sesi\u00f3n suele tener una duraci\u00f3n de entre 1.5 y 3 horas, para tener en cuenta la necesidad de alimentar y relajar al beb\u00e9 durante el proceso. Nos adaptamos a las necesidades individuales de cada beb\u00e9 para asegurar una sesi\u00f3n c\u00f3moda y agradable.<\/p><\/div><\/div><div class=\"wp-block-uagb-faq-child uagb-faq-child__outer-wrap uagb-faq-item uagb-block-476fbe97 \" role=\"tab\" tabindex=\"0\"><div class=\"uagb-faq-questions-button uagb-faq-questions\">\t\t\t<span class=\"uagb-icon uagb-faq-icon-wrap\">\n\t\t\t\t\t\t\t\t<svg xmlns=\"https:\/\/www.w3.org\/2000\/svg\" viewBox= \"0 0 448 512\"><path d=\"M432 256c0 17.69-14.33 32.01-32 32.01H256v144c0 17.69-14.33 31.99-32 31.99s-32-14.3-32-31.99v-144H48c-17.67 0-32-14.32-32-32.01s14.33-31.99 32-31.99H192v-144c0-17.69 14.33-32.01 32-32.01s32 14.32 32 32.01v144h144C417.7 224 432 238.3 432 256z\"><\/path><\/svg>\n\t\t\t\t\t\t\t<\/span>\n\t\t\t\t\t\t<span class=\"uagb-icon-active uagb-faq-icon-wrap\">\n\t\t\t\t\t\t\t\t<svg xmlns=\"https:\/\/www.w3.org\/2000\/svg\" viewBox= \"0 0 448 512\"><path d=\"M400 288h-352c-17.69 0-32-14.32-32-32.01s14.31-31.99 32-31.99h352c17.69 0 32 14.3 32 31.99S417.7 288 400 288z\"><\/path><\/svg>\n\t\t\t\t\t\t\t<\/span>\n\t\t\t<span class=\"uagb-question\">\u00bfQu\u00e9 pasa si mi beb\u00e9 no est\u00e1 de humor para la sesi\u00f3n de fotos?<\/span><\/div><div class=\"uagb-faq-content\"><p>Sabemos que los beb\u00e9s pueden tener cambios de humor y no siempre estar en su mejor momento para la sesi\u00f3n de fotos. Sin embargo, no te preocupes, estamos preparados para manejar cualquier situaci\u00f3n que pueda surgir. Conocemos varias t\u00e9cnicas para relajar a los beb\u00e9s y capturar las mejores im\u00e1genes posibles.<\/p><\/div><\/div><div class=\"wp-block-uagb-faq-child uagb-faq-child__outer-wrap uagb-faq-item uagb-block-38d62f30 \" role=\"tab\" tabindex=\"0\"><div class=\"uagb-faq-questions-button uagb-faq-questions\">\t\t\t<span class=\"uagb-icon uagb-faq-icon-wrap\">\n\t\t\t\t\t\t\t\t<svg xmlns=\"https:\/\/www.w3.org\/2000\/svg\" viewBox= \"0 0 448 512\"><path d=\"M432 256c0 17.69-14.33 32.01-32 32.01H256v144c0 17.69-14.33 31.99-32 31.99s-32-14.3-32-31.99v-144H48c-17.67 0-32-14.32-32-32.01s14.33-31.99 32-31.99H192v-144c0-17.69 14.33-32.01 32-32.01s32 14.32 32 32.01v144h144C417.7 224 432 238.3 432 256z\"><\/path><\/svg>\n\t\t\t\t\t\t\t<\/span>\n\t\t\t\t\t\t<span class=\"uagb-icon-active uagb-faq-icon-wrap\">\n\t\t\t\t\t\t\t\t<svg xmlns=\"https:\/\/www.w3.org\/2000\/svg\" viewBox= \"0 0 448 512\"><path d=\"M400 288h-352c-17.69 0-32-14.32-32-32.01s14.31-31.99 32-31.99h352c17.69 0 32 14.3 32 31.99S417.7 288 400 288z\"><\/path><\/svg>\n\t\t\t\t\t\t\t<\/span>\n\t\t\t<span class=\"uagb-question\">\u00bfDispon\u00e9is de packs para la sesi\u00f3n de reci\u00e9n nacido?<\/span><\/div><div class=\"uagb-faq-content\"><p>S\u00ed, disponemos de varios packs que te permitir\u00e1n escoger el que mejor se adapte a lo que est\u00e1s buscando para que conserves los primeros recuerdos de tu hijo\/hija. No dudes en contactarnos para que te expliquemos en qu\u00e9 consisten.<\/p><\/div><\/div><div class=\"wp-block-uagb-faq-child uagb-faq-child__outer-wrap uagb-faq-item uagb-block-6a2c419c \" role=\"tab\" tabindex=\"0\"><div class=\"uagb-faq-questions-button uagb-faq-questions\">\t\t\t<span class=\"uagb-icon uagb-faq-icon-wrap\">\n\t\t\t\t\t\t\t\t<svg xmlns=\"https:\/\/www.w3.org\/2000\/svg\" viewBox= \"0 0 448 512\"><path d=\"M432 256c0 17.69-14.33 32.01-32 32.01H256v144c0 17.69-14.33 31.99-32 31.99s-32-14.3-32-31.99v-144H48c-17.67 0-32-14.32-32-32.01s14.33-31.99 32-31.99H192v-144c0-17.69 14.33-32.01 32-32.01s32 14.32 32 32.01v144h144C417.7 224 432 238.3 432 256z\"><\/path><\/svg>\n\t\t\t\t\t\t\t<\/span>\n\t\t\t\t\t\t<span class=\"uagb-icon-active uagb-faq-icon-wrap\">\n\t\t\t\t\t\t\t\t<svg xmlns=\"https:\/\/www.w3.org\/2000\/svg\" viewBox= \"0 0 448 512\"><path d=\"M400 288h-352c-17.69 0-32-14.32-32-32.01s14.31-31.99 32-31.99h352c17.69 0 32 14.3 32 31.99S417.7 288 400 288z\"><\/path><\/svg>\n\t\t\t\t\t\t\t<\/span>\n\t\t\t<span class=\"uagb-question\">\u00bfExiste la posibilidad de tener los brutos?<\/span><\/div><div class=\"uagb-faq-content\"><p>Entendemos el inter\u00e9s y curiosidad en poder acceder al material original. Sin embargo, nos gustar\u00eda explicarte por qu\u00e9 no lo hacemos y solo entregamos el montaje como producto final:<br><br>\u2013 El trabajo que ofrecemos no solo en fotografiar, sino tambi\u00e9n en seleccionar las mejores tomas, editarlas, retocar color, pieles, etc. Los brutos son solo la materia prima, y no representan la calidad final que queremos ofreceros.<br>\u2013 Durante la sesi\u00f3n, es inevitable capturar momentos que no son relevantes para el reportaje final y no podemos entregar este tipo de material a nuestros clientes.<\/p><\/div><\/div><div class=\"wp-block-uagb-faq-child uagb-faq-child__outer-wrap uagb-faq-item uagb-block-44ddfc6a \" role=\"tab\" tabindex=\"0\"><div class=\"uagb-faq-questions-button uagb-faq-questions\">\t\t\t<span class=\"uagb-icon uagb-faq-icon-wrap\">\n\t\t\t\t\t\t\t\t<svg xmlns=\"https:\/\/www.w3.org\/2000\/svg\" viewBox= \"0 0 448 512\"><path d=\"M432 256c0 17.69-14.33 32.01-32 32.01H256v144c0 17.69-14.33 31.99-32 31.99s-32-14.3-32-31.99v-144H48c-17.67 0-32-14.32-32-32.01s14.33-31.99 32-31.99H192v-144c0-17.69 14.33-32.01 32-32.01s32 14.32 32 32.01v144h144C417.7 224 432 238.3 432 256z\"><\/path><\/svg>\n\t\t\t\t\t\t\t<\/span>\n\t\t\t\t\t\t<span class=\"uagb-icon-active uagb-faq-icon-wrap\">\n\t\t\t\t\t\t\t\t<svg xmlns=\"https:\/\/www.w3.org\/2000\/svg\" viewBox= \"0 0 448 512\"><path d=\"M400 288h-352c-17.69 0-32-14.32-32-32.01s14.31-31.99 32-31.99h352c17.69 0 32 14.3 32 31.99S417.7 288 400 288z\"><\/path><\/svg>\n\t\t\t\t\t\t\t<\/span>\n\t\t\t<span class=\"uagb-question\">\u00bfC\u00f3mo puedo reservar una sesi\u00f3n?<\/span><\/div><div class=\"uagb-faq-content\"><p>Para ponerte en contacto con nosotros puedes escribirnos directamente a nuestro correo electr\u00f3nico (somosdaniysofi@gmail.com), escribirnos por <a href=\"https:\/\/www.instagram.com\/somosdaniysofi\/\">Instagram<\/a>, o bien mediante el formulario de <a data-type=\"page\" data-id=\"2371\" href=\"https:\/\/somosdaniysofi.com\/index.php\/contacto\/\">contacto<\/a>.<\/p><\/div><\/div><\/div><\/div><\/div>\n\n\n\n<hr class=\"wp-block-separator has-text-color has-ast-global-color-1-color has-alpha-channel-opacity has-ast-global-color-1-background-color has-background\"\/>\n\n\n\n<div class=\"wp-block-uagb-container uagb-block-0fe1d819 default uagb-is-root-container\">\n<div class=\"wp-block-uagb-advanced-heading uagb-block-0a2e5ea5\"><h3 class=\"uagb-heading-text\">TE PODR\u00cdA INTERESAR&#8230;<\/h3><p class=\"uagb-desc-text\">Contamos con otros servicios de fotograf\u00eda y v\u00eddeo que podr\u00edan interesarte<\/p><\/div>\n\n\n\n<div class=\"wp-block-uagb-container uagb-block-d3b8efe8\">\n<div class=\"wp-block-uagb-container uagb-block-3f02c2b9\">\n<div class=\"wp-block-uagb-advanced-heading uagb-block-6c7f7bc4\"><h4 class=\"uagb-heading-text\"><a href=\"https:\/\/somosdaniysofi.com\/index.php\/fotografia-de-bautizo\/\">FOTOGRAF\u00cdA DE BAUTIZOS<\/a><\/h4><\/div>\n<\/div>\n\n\n\n<div class=\"wp-block-uagb-container uagb-block-6375cbfc\">\n<div class=\"wp-block-uagb-advanced-heading uagb-block-549840f8\"><h4 class=\"uagb-heading-text\"><a href=\"https:\/\/somosdaniysofi.com\/index.php\/fotografo-y-video-de-bodas\/\">FOTOGRAF\u00cdA Y V\u00cdDEO DE BODAS<\/a><\/h4><\/div>\n<\/div>\n\n\n\n<div class=\"wp-block-uagb-container uagb-block-eff69580\">\n<div class=\"wp-block-uagb-advanced-heading uagb-block-d5d78d4b\"><h4 class=\"uagb-heading-text\"><a href=\"https:\/\/somosdaniysofi.com\/index.php\/fotografia-infantil-madrid\/\">FOTOGRAF\u00cdA INFANTIL<\/a><\/h4><\/div>\n<\/div>\n<\/div>\n<\/div>\n","protected":false},"excerpt":{"rendered":"<p>En nuestras sesiones de fotograf\u00eda de reci\u00e9n nacido en Madrid, nos aseguramos de trabajar con suavidad y cuidado para que tanto t\u00fa como tu beb\u00e9 est\u00e9is c\u00f3modos y relajados durante la sesi\u00f3n. Nuestro objetivo es capturar los primeros momentos m\u00e1s tiernos y m\u00e1gicos de la vida de tu beb\u00e9 y crear im\u00e1genes \u00fanicas e inolvidables [&hellip;]<\/p>\n","protected":false},"author":1,"featured_media":0,"parent":0,"menu_order":0,"comment_status":"closed","ping_status":"closed","template":"","meta":{"_uag_custom_page_level_css":"","site-sidebar-layout":"default","site-content-layout":"","ast-site-content-layout":"default","site-content-style":"default","site-sidebar-style":"default","ast-global-header-display":"","ast-banner-title-visibility":"","ast-main-header-display":"","ast-hfb-above-header-display":"","ast-hfb-below-header-display":"","ast-hfb-mobile-header-display":"","site-post-title":"disabled","ast-breadcrumbs-content":"","ast-featured-img":"","footer-sml-layout":"","theme-transparent-header-meta":"","adv-header-id-meta":"","stick-header-meta":"","header-above-stick-meta":"","header-main-stick-meta":"","header-below-stick-meta":"","astra-migrate-meta-layouts":"set","ast-page-background-enabled":"default","ast-page-background-meta":{"desktop":{"background-color":"","background-image":"","background-repeat":"repeat","background-position":"center center","background-size":"auto","background-attachment":"scroll","background-type":"","background-media":"","overlay-type":"","overlay-color":"","overlay-opacity":"","overlay-gradient":""},"tablet":{"background-color":"","background-image":"","background-repeat":"repeat","background-position":"center center","background-size":"auto","background-attachment":"scroll","background-type":"","background-media":"","overlay-type":"","overlay-color":"","overlay-opacity":"","overlay-gradient":""},"mobile":{"background-color":"","background-image":"","background-repeat":"repeat","background-position":"center center","background-size":"auto","background-attachment":"scroll","background-type":"","background-media":"","overlay-type":"","overlay-color":"","overlay-opacity":"","overlay-gradient":""}},"ast-content-background-meta":{"desktop":{"background-color":"var(--ast-global-color-5)","background-image":"","background-repeat":"repeat","background-position":"center center","background-size":"auto","background-attachment":"scroll","background-type":"","background-media":"","overlay-type":"","overlay-color":"","overlay-opacity":"","overlay-gradient":""},"tablet":{"background-color":"var(--ast-global-color-5)","background-image":"","background-repeat":"repeat","background-position":"center center","background-size":"auto","background-attachment":"scroll","background-type":"","background-media":"","overlay-type":"","overlay-color":"","overlay-opacity":"","overlay-gradient":""},"mobile":{"background-color":"var(--ast-global-color-5)","background-image":"","background-repeat":"repeat","background-position":"center center","background-size":"auto","background-attachment":"scroll","background-type":"","background-media":"","overlay-type":"","overlay-color":"","overlay-opacity":"","overlay-gradient":""}},"footnotes":""},"class_list":["post-2166","page","type-page","status-publish","hentry"],"yoast_head":"<!-- This site is optimized with the Yoast SEO plugin v27.5 - https:\/\/yoast.com\/product\/yoast-seo-wordpress\/ -->\n<title>Fotograf\u00eda de reci\u00e9n nacido en Madrid - Somos Dani &amp; Sofi<\/title>\n<meta name=\"description\" content=\"Nuestro servicio de fotograf\u00eda de reci\u00e9n nacido en Madrid te brinda momentos \u00fanicos que capturan la dulzura de este momento tan especial.\" \/>\n<meta name=\"robots\" content=\"index, follow, max-snippet:-1, max-image-preview:large, max-video-preview:-1\" \/>\n<link rel=\"canonical\" href=\"https:\/\/somosdaniysofi.com\/index.php\/fotografia-de-recien-nacido\/\" \/>\n<meta property=\"og:locale\" content=\"es_ES\" \/>\n<meta property=\"og:type\" content=\"article\" \/>\n<meta property=\"og:title\" content=\"Fotograf\u00eda de reci\u00e9n nacido en Madrid - Somos Dani &amp; Sofi\" \/>\n<meta property=\"og:description\" content=\"Nuestro servicio de fotograf\u00eda de reci\u00e9n nacido en Madrid te brinda momentos \u00fanicos que capturan la dulzura de este momento tan especial.\" \/>\n<meta property=\"og:url\" content=\"https:\/\/somosdaniysofi.com\/index.php\/fotografia-de-recien-nacido\/\" \/>\n<meta property=\"og:site_name\" content=\"Somos Dani &amp; Sofi\" \/>\n<meta property=\"article:modified_time\" content=\"2025-06-28T13:28:15+00:00\" \/>\n<meta property=\"og:image\" content=\"https:\/\/somosdaniysofi.com\/wp-content\/uploads\/2023\/03\/Alma-10-1024x684.jpg\" \/>\n<meta name=\"twitter:card\" content=\"summary_large_image\" \/>\n<meta name=\"twitter:label1\" content=\"Tiempo de lectura\" \/>\n\t<meta name=\"twitter:data1\" content=\"3 minutos\" \/>\n<script type=\"application\/ld+json\" class=\"yoast-schema-graph\">{\"@context\":\"https:\\\/\\\/schema.org\",\"@graph\":[{\"@type\":\"WebPage\",\"@id\":\"https:\\\/\\\/somosdaniysofi.com\\\/index.php\\\/fotografia-de-recien-nacido\\\/\",\"url\":\"https:\\\/\\\/somosdaniysofi.com\\\/index.php\\\/fotografia-de-recien-nacido\\\/\",\"name\":\"Fotograf\u00eda de reci\u00e9n nacido en Madrid - Somos Dani &amp; Sofi\",\"isPartOf\":{\"@id\":\"https:\\\/\\\/somosdaniysofi.com\\\/#website\"},\"primaryImageOfPage\":{\"@id\":\"https:\\\/\\\/somosdaniysofi.com\\\/index.php\\\/fotografia-de-recien-nacido\\\/#primaryimage\"},\"image\":{\"@id\":\"https:\\\/\\\/somosdaniysofi.com\\\/index.php\\\/fotografia-de-recien-nacido\\\/#primaryimage\"},\"thumbnailUrl\":\"https:\\\/\\\/somosdaniysofi.com\\\/wp-content\\\/uploads\\\/2023\\\/03\\\/Alma-10-1024x684.jpg\",\"datePublished\":\"2023-03-13T18:41:06+00:00\",\"dateModified\":\"2025-06-28T13:28:15+00:00\",\"description\":\"Nuestro servicio de fotograf\u00eda de reci\u00e9n nacido en Madrid te brinda momentos \u00fanicos que capturan la dulzura de este momento tan especial.\",\"breadcrumb\":{\"@id\":\"https:\\\/\\\/somosdaniysofi.com\\\/index.php\\\/fotografia-de-recien-nacido\\\/#breadcrumb\"},\"inLanguage\":\"es\",\"potentialAction\":[{\"@type\":\"ReadAction\",\"target\":[\"https:\\\/\\\/somosdaniysofi.com\\\/index.php\\\/fotografia-de-recien-nacido\\\/\"]}]},{\"@type\":\"ImageObject\",\"inLanguage\":\"es\",\"@id\":\"https:\\\/\\\/somosdaniysofi.com\\\/index.php\\\/fotografia-de-recien-nacido\\\/#primaryimage\",\"url\":\"https:\\\/\\\/somosdaniysofi.com\\\/wp-content\\\/uploads\\\/2023\\\/03\\\/Alma-10-scaled.jpg\",\"contentUrl\":\"https:\\\/\\\/somosdaniysofi.com\\\/wp-content\\\/uploads\\\/2023\\\/03\\\/Alma-10-scaled.jpg\",\"width\":2560,\"height\":1709},{\"@type\":\"BreadcrumbList\",\"@id\":\"https:\\\/\\\/somosdaniysofi.com\\\/index.php\\\/fotografia-de-recien-nacido\\\/#breadcrumb\",\"itemListElement\":[{\"@type\":\"ListItem\",\"position\":1,\"name\":\"Portada\",\"item\":\"https:\\\/\\\/somosdaniysofi.com\\\/\"},{\"@type\":\"ListItem\",\"position\":2,\"name\":\"Reci\u00e9n nacido\"}]},{\"@type\":\"WebSite\",\"@id\":\"https:\\\/\\\/somosdaniysofi.com\\\/#website\",\"url\":\"https:\\\/\\\/somosdaniysofi.com\\\/\",\"name\":\"somosdaniysofi.com\",\"description\":\"Fotograf\u00eda y video en Madrid. Bodas, Bautizos, Premam\u00e1 y m\u00e1s\",\"publisher\":{\"@id\":\"https:\\\/\\\/somosdaniysofi.com\\\/#\\\/schema\\\/person\\\/16a4aabfcd6ecbfa99f355c8539930a2\"},\"potentialAction\":[{\"@type\":\"SearchAction\",\"target\":{\"@type\":\"EntryPoint\",\"urlTemplate\":\"https:\\\/\\\/somosdaniysofi.com\\\/?s={search_term_string}\"},\"query-input\":{\"@type\":\"PropertyValueSpecification\",\"valueRequired\":true,\"valueName\":\"search_term_string\"}}],\"inLanguage\":\"es\"},{\"@type\":[\"Person\",\"Organization\"],\"@id\":\"https:\\\/\\\/somosdaniysofi.com\\\/#\\\/schema\\\/person\\\/16a4aabfcd6ecbfa99f355c8539930a2\",\"name\":\"somosdaniysofi\",\"image\":{\"@type\":\"ImageObject\",\"inLanguage\":\"es\",\"@id\":\"https:\\\/\\\/somosdaniysofi.com\\\/wp-content\\\/uploads\\\/2023\\\/08\\\/El_elegido-removebg-preview.png\",\"url\":\"https:\\\/\\\/somosdaniysofi.com\\\/wp-content\\\/uploads\\\/2023\\\/08\\\/El_elegido-removebg-preview.png\",\"contentUrl\":\"https:\\\/\\\/somosdaniysofi.com\\\/wp-content\\\/uploads\\\/2023\\\/08\\\/El_elegido-removebg-preview.png\",\"width\":500,\"height\":500,\"caption\":\"somosdaniysofi\"},\"logo\":{\"@id\":\"https:\\\/\\\/somosdaniysofi.com\\\/wp-content\\\/uploads\\\/2023\\\/08\\\/El_elegido-removebg-preview.png\"},\"sameAs\":[\"https:\\\/\\\/somosdaniysofi.com\"]}]}<\/script>\n<!-- \/ Yoast SEO plugin. -->","yoast_head_json":{"title":"Fotograf\u00eda de reci\u00e9n nacido en Madrid - Somos Dani &amp; Sofi","description":"Nuestro servicio de fotograf\u00eda de reci\u00e9n nacido en Madrid te brinda momentos \u00fanicos que capturan la dulzura de este momento tan especial.","robots":{"index":"index","follow":"follow","max-snippet":"max-snippet:-1","max-image-preview":"max-image-preview:large","max-video-preview":"max-video-preview:-1"},"canonical":"https:\/\/somosdaniysofi.com\/index.php\/fotografia-de-recien-nacido\/","og_locale":"es_ES","og_type":"article","og_title":"Fotograf\u00eda de reci\u00e9n nacido en Madrid - Somos Dani &amp; Sofi","og_description":"Nuestro servicio de fotograf\u00eda de reci\u00e9n nacido en Madrid te brinda momentos \u00fanicos que capturan la dulzura de este momento tan especial.","og_url":"https:\/\/somosdaniysofi.com\/index.php\/fotografia-de-recien-nacido\/","og_site_name":"Somos Dani &amp; Sofi","article_modified_time":"2025-06-28T13:28:15+00:00","og_image":[{"url":"https:\/\/somosdaniysofi.com\/wp-content\/uploads\/2023\/03\/Alma-10-1024x684.jpg","type":"","width":"","height":""}],"twitter_card":"summary_large_image","twitter_misc":{"Tiempo de lectura":"3 minutos"},"schema":{"@context":"https:\/\/schema.org","@graph":[{"@type":"WebPage","@id":"https:\/\/somosdaniysofi.com\/index.php\/fotografia-de-recien-nacido\/","url":"https:\/\/somosdaniysofi.com\/index.php\/fotografia-de-recien-nacido\/","name":"Fotograf\u00eda de reci\u00e9n nacido en Madrid - Somos Dani &amp; Sofi","isPartOf":{"@id":"https:\/\/somosdaniysofi.com\/#website"},"primaryImageOfPage":{"@id":"https:\/\/somosdaniysofi.com\/index.php\/fotografia-de-recien-nacido\/#primaryimage"},"image":{"@id":"https:\/\/somosdaniysofi.com\/index.php\/fotografia-de-recien-nacido\/#primaryimage"},"thumbnailUrl":"https:\/\/somosdaniysofi.com\/wp-content\/uploads\/2023\/03\/Alma-10-1024x684.jpg","datePublished":"2023-03-13T18:41:06+00:00","dateModified":"2025-06-28T13:28:15+00:00","description":"Nuestro servicio de fotograf\u00eda de reci\u00e9n nacido en Madrid te brinda momentos \u00fanicos que capturan la dulzura de este momento tan especial.","breadcrumb":{"@id":"https:\/\/somosdaniysofi.com\/index.php\/fotografia-de-recien-nacido\/#breadcrumb"},"inLanguage":"es","potentialAction":[{"@type":"ReadAction","target":["https:\/\/somosdaniysofi.com\/index.php\/fotografia-de-recien-nacido\/"]}]},{"@type":"ImageObject","inLanguage":"es","@id":"https:\/\/somosdaniysofi.com\/index.php\/fotografia-de-recien-nacido\/#primaryimage","url":"https:\/\/somosdaniysofi.com\/wp-content\/uploads\/2023\/03\/Alma-10-scaled.jpg","contentUrl":"https:\/\/somosdaniysofi.com\/wp-content\/uploads\/2023\/03\/Alma-10-scaled.jpg","width":2560,"height":1709},{"@type":"BreadcrumbList","@id":"https:\/\/somosdaniysofi.com\/index.php\/fotografia-de-recien-nacido\/#breadcrumb","itemListElement":[{"@type":"ListItem","position":1,"name":"Portada","item":"https:\/\/somosdaniysofi.com\/"},{"@type":"ListItem","position":2,"name":"Reci\u00e9n nacido"}]},{"@type":"WebSite","@id":"https:\/\/somosdaniysofi.com\/#website","url":"https:\/\/somosdaniysofi.com\/","name":"somosdaniysofi.com","description":"Fotograf\u00eda y video en Madrid. Bodas, Bautizos, Premam\u00e1 y m\u00e1s","publisher":{"@id":"https:\/\/somosdaniysofi.com\/#\/schema\/person\/16a4aabfcd6ecbfa99f355c8539930a2"},"potentialAction":[{"@type":"SearchAction","target":{"@type":"EntryPoint","urlTemplate":"https:\/\/somosdaniysofi.com\/?s={search_term_string}"},"query-input":{"@type":"PropertyValueSpecification","valueRequired":true,"valueName":"search_term_string"}}],"inLanguage":"es"},{"@type":["Person","Organization"],"@id":"https:\/\/somosdaniysofi.com\/#\/schema\/person\/16a4aabfcd6ecbfa99f355c8539930a2","name":"somosdaniysofi","image":{"@type":"ImageObject","inLanguage":"es","@id":"https:\/\/somosdaniysofi.com\/wp-content\/uploads\/2023\/08\/El_elegido-removebg-preview.png","url":"https:\/\/somosdaniysofi.com\/wp-content\/uploads\/2023\/08\/El_elegido-removebg-preview.png","contentUrl":"https:\/\/somosdaniysofi.com\/wp-content\/uploads\/2023\/08\/El_elegido-removebg-preview.png","width":500,"height":500,"caption":"somosdaniysofi"},"logo":{"@id":"https:\/\/somosdaniysofi.com\/wp-content\/uploads\/2023\/08\/El_elegido-removebg-preview.png"},"sameAs":["https:\/\/somosdaniysofi.com"]}]}},"uagb_featured_image_src":{"full":false,"thumbnail":false,"medium":false,"medium_large":false,"large":false,"1536x1536":false,"2048x2048":false},"uagb_author_info":{"display_name":"somosdaniysofi","author_link":"https:\/\/somosdaniysofi.com\/index.php\/author\/somosdaniysofi\/"},"uagb_comment_info":0,"uagb_excerpt":"En nuestras sesiones de fotograf\u00eda de reci\u00e9n nacido en Madrid, nos aseguramos de trabajar con suavidad y cuidado para que tanto t\u00fa como tu beb\u00e9 est\u00e9is c\u00f3modos y relajados durante la sesi\u00f3n. Nuestro objetivo es capturar los primeros momentos m\u00e1s tiernos y m\u00e1gicos de la vida de tu beb\u00e9 y crear im\u00e1genes \u00fanicas e inolvidables&hellip;","_links":{"self":[{"href":"https:\/\/somosdaniysofi.com\/index.php\/wp-json\/wp\/v2\/pages\/2166","targetHints":{"allow":["GET"]}}],"collection":[{"href":"https:\/\/somosdaniysofi.com\/index.php\/wp-json\/wp\/v2\/pages"}],"about":[{"href":"https:\/\/somosdaniysofi.com\/index.php\/wp-json\/wp\/v2\/types\/page"}],"author":[{"embeddable":true,"href":"https:\/\/somosdaniysofi.com\/index.php\/wp-json\/wp\/v2\/users\/1"}],"replies":[{"embeddable":true,"href":"https:\/\/somosdaniysofi.com\/index.php\/wp-json\/wp\/v2\/comments?post=2166"}],"version-history":[{"count":59,"href":"https:\/\/somosdaniysofi.com\/index.php\/wp-json\/wp\/v2\/pages\/2166\/revisions"}],"predecessor-version":[{"id":4248,"href":"https:\/\/somosdaniysofi.com\/index.php\/wp-json\/wp\/v2\/pages\/2166\/revisions\/4248"}],"wp:attachment":[{"href":"https:\/\/somosdaniysofi.com\/index.php\/wp-json\/wp\/v2\/media?parent=2166"}],"curies":[{"name":"wp","href":"https:\/\/api.w.org\/{rel}","templated":true}]}}