{"id":2167,"date":"2023-03-13T18:41:06","date_gmt":"2023-03-13T18:41:06","guid":{"rendered":"https:\/\/somosdaniysofi.com\/?page_id=2167"},"modified":"2025-06-28T13:29:52","modified_gmt":"2025-06-28T13:29:52","slug":"fotografia-infantil-madrid","status":"publish","type":"page","link":"https:\/\/somosdaniysofi.com\/index.php\/fotografia-infantil-madrid\/","title":{"rendered":"Infantil"},"content":{"rendered":"\n<div class=\"wp-block-uagb-container uagb-block-396b8bae alignfull uagb-is-root-container\"><div class=\"uagb-container-inner-blocks-wrap\">\n<div class=\"wp-block-uagb-container uagb-block-b124c7a8\">\n<div class=\"wp-block-uagb-info-box uagb-block-5065ae86 uagb-infobox__content-wrap  uagb-infobox-icon-above-title uagb-infobox-image-valign-top\"><div class=\"uagb-ifb-content\"><div class=\"uagb-ifb-title-wrap\"><h1 class=\"uagb-ifb-title\">Fotograf\u00eda infantil <\/h1><\/div><\/div><\/div>\n\n\n\n<div class=\"wp-block-uagb-advanced-heading uagb-block-be04d485\"><h2 class=\"uagb-heading-text\">Nuestra sesi\u00f3n de fotograf\u00eda infantil est\u00e1 dise\u00f1ada para capturar la autenticidad y la belleza natural de tu hijo. Sabemos que cada ni\u00f1o es \u00fanico y especial, y nos encanta trabajar con ellos para crear im\u00e1genes que reflejen su personalidad y carisma.<br><br>En Madrid, hacemos que cada sesi\u00f3n de fotos sea una experiencia divertida y memorable para toda la familia. Descubre c\u00f3mo podemos ayudarte a crear recuerdos duraderos y llenos de vida con nuestra secci\u00f3n de fotograf\u00eda infantil.<\/h2><\/div>\n<\/div>\n\n\n\n<div class=\"wp-block-uagb-container uagb-block-5f799f88\">\n<div class=\"wp-block-uagb-image uagb-block-f9ecbaf1 wp-block-uagb-image--layout-default wp-block-uagb-image--effect-static wp-block-uagb-image--align-none\"><figure class=\"wp-block-uagb-image__figure\"><img decoding=\"async\" srcset=\"https:\/\/somosdaniysofi.com\/wp-content\/uploads\/2023\/06\/Julia-37-684x1024.jpg ,https:\/\/somosdaniysofi.com\/wp-content\/uploads\/2023\/06\/Julia-37-scaled.jpg 780w, https:\/\/somosdaniysofi.com\/wp-content\/uploads\/2023\/06\/Julia-37-scaled.jpg 360w\" sizes=\"auto, (max-width: 480px) 150px\" src=\"https:\/\/somosdaniysofi.com\/wp-content\/uploads\/2023\/06\/Julia-37-684x1024.jpg\" alt=\"\" class=\"uag-image-3769\" width=\"285\" height=\"426\" title=\"Julia-37\" loading=\"lazy\" role=\"img\"\/><\/figure><\/div>\n<\/div>\n<\/div><\/div>\n\n\n\n<div class=\"wp-block-uagb-container uagb-block-971c067a alignfull uagb-is-root-container\">\n<div class=\"wp-block-uagb-blockquote uagb-block-bfa34188 uagb-blockquote__skin-quotation uagb-blockquote__align-center uagb-blockquote__style-style_1 uagb-blockquote__stack-img-none\"><blockquote class=\"uagb-blockquote\"><span class=\"uagb-blockquote__icon\"><svg width=\"20\" height=\"20\" viewBox=\"0 0 32 32\"><path d=\"M7.031 14c3.866 0 7 3.134 7 7s-3.134 7-7 7-7-3.134-7-7l-0.031-1c0-7.732 6.268-14 14-14v4c-2.671 0-5.182 1.040-7.071 2.929-0.364 0.364-0.695 0.751-0.995 1.157 0.357-0.056 0.724-0.086 1.097-0.086zM25.031 14c3.866 0 7 3.134 7 7s-3.134 7-7 7-7-3.134-7-7l-0.031-1c0-7.732 6.268-14 14-14v4c-2.671 0-5.182 1.040-7.071 2.929-0.364 0.364-0.695 0.751-0.995 1.157 0.358-0.056 0.724-0.086 1.097-0.086z\"><\/path><\/svg><\/span><div class=\"uagb-blockquote__content\">Cada sesi\u00f3n de fotograf\u00eda infantil es una oportunidad para capturar la esencia \u00fanica y especial de cada ni\u00f1o para crear recuerdos inolvidables para toda la vida\u00a0<\/div><footer><div class=\"uagb-blockquote__author-wrap uagb-blockquote__author-at-left\"><\/div><\/footer><\/blockquote><\/div>\n\n\n\n<div class=\"wp-block-uagb-container uagb-block-f5ed7960\">\n<div class=\"wp-block-uagb-container uagb-block-4454f2f6\">\n<div class=\"wp-block-uagb-image aligncenter uagb-block-c6885ed2 wp-block-uagb-image--layout-default wp-block-uagb-image--effect-static wp-block-uagb-image--align-center\"><figure class=\"wp-block-uagb-image__figure\"><img decoding=\"async\" srcset=\"https:\/\/somosdaniysofi.com\/wp-content\/uploads\/2023\/06\/Julia-21-1024x684.jpg , https:\/\/somosdaniysofi.com\/wp-content\/uploads\/2023\/06\/Julia-21-1024x684.jpg 360w\" sizes=\"auto, (max-width: 480px) 150px\" src=\"https:\/\/somosdaniysofi.com\/wp-content\/uploads\/2023\/06\/Julia-21-1024x684.jpg\" alt=\"\" class=\"uag-image-3741\" width=\"1024\" height=\"684\" title=\"\" loading=\"lazy\" role=\"img\"\/><\/figure><\/div>\n<\/div>\n\n\n\n<div class=\"wp-block-uagb-container uagb-block-cf90d676\">\n<div class=\"wp-block-uagb-image aligncenter uagb-block-cf7638c4 wp-block-uagb-image--layout-default wp-block-uagb-image--effect-static wp-block-uagb-image--align-center\"><figure class=\"wp-block-uagb-image__figure\"><img decoding=\"async\" srcset=\"https:\/\/somosdaniysofi.com\/wp-content\/uploads\/2023\/03\/DSC8819-1024x684.jpg \" sizes=\"auto, (max-width: 480px) 150px\" src=\"https:\/\/somosdaniysofi.com\/wp-content\/uploads\/2023\/03\/DSC8819-1024x684.jpg\" alt=\"\" class=\"uag-image-2631\" width=\"1024\" height=\"684\" title=\"\" loading=\"lazy\" role=\"img\"\/><\/figure><\/div>\n<\/div>\n<\/div>\n<\/div>\n\n\n\n<div class=\"wp-block-uagb-container uagb-block-9b60ab08 alignfull uagb-is-root-container\"><div class=\"uagb-container-inner-blocks-wrap\">\n<div class=\"wp-block-uagb-container uagb-block-d5a50007\">\n<div class=\"wp-block-uagb-image uagb-block-1985e5e5 wp-block-uagb-image--layout-default wp-block-uagb-image--effect-static wp-block-uagb-image--align-none\"><figure class=\"wp-block-uagb-image__figure\"><img decoding=\"async\" srcset=\"https:\/\/somosdaniysofi.com\/wp-content\/uploads\/2023\/06\/Julia-26-1-684x1024.jpg \" sizes=\"auto, (max-width: 480px) 150px\" src=\"https:\/\/somosdaniysofi.com\/wp-content\/uploads\/2023\/06\/Julia-26-1-684x1024.jpg\" alt=\"\" class=\"uag-image-3767\" width=\"684\" height=\"1024\" title=\"\" loading=\"lazy\" role=\"img\"\/><\/figure><\/div>\n<\/div>\n\n\n\n<div class=\"wp-block-uagb-container uagb-block-647c74fe\">\n<div class=\"wp-block-uagb-advanced-heading uagb-block-51edcd7e\"><h3 class=\"uagb-heading-text\">Nuestras sesiones de fotograf\u00eda infantil son una experiencia \u00fanica y divertida para ni\u00f1os y familias. Nos enfocamos en capturar los momentos m\u00e1s espont\u00e1neos y alegres de la ni\u00f1ez, creando recuerdos eternos para el futuro.<br>Durante la sesi\u00f3n, brindamos un ambiente acogedor y relajado para que los ni\u00f1os se sientan c\u00f3modos y sean ellos mismos.<\/h3><\/div>\n<\/div>\n\n\n\n<div class=\"wp-block-uagb-container uagb-block-f969fabc\">\n<div class=\"wp-block-uagb-image uagb-block-3a25963a wp-block-uagb-image--layout-default wp-block-uagb-image--effect-static wp-block-uagb-image--align-none\"><figure class=\"wp-block-uagb-image__figure\"><img decoding=\"async\" srcset=\"https:\/\/somosdaniysofi.com\/wp-content\/uploads\/2023\/03\/DSC8820-684x1024.jpg , https:\/\/somosdaniysofi.com\/wp-content\/uploads\/2023\/03\/DSC8820-684x1024.jpg 360w\" sizes=\"auto, (max-width: 480px) 150px\" src=\"https:\/\/somosdaniysofi.com\/wp-content\/uploads\/2023\/03\/DSC8820-684x1024.jpg\" alt=\"La mejor fotograf\u00eda infantil en Madrid para capturar la esencia de la infancia de tu hijo\" class=\"uag-image-2632\" width=\"684\" height=\"1024\" title=\"\" loading=\"lazy\" role=\"img\"\/><\/figure><\/div>\n<\/div>\n<\/div><\/div>\n\n\n\n<div class=\"wp-block-uagb-container uagb-block-55bfa246 alignfull uagb-is-root-container\"><div class=\"uagb-container-inner-blocks-wrap\">\n<div class=\"wp-block-uagb-container uagb-block-4da9c3b8\">\n<div class=\"wp-block-uagb-container uagb-block-a1465c2a\">\n<div class=\"wp-block-uagb-image aligncenter uagb-block-2f55e342 wp-block-uagb-image--layout-default wp-block-uagb-image--effect-static wp-block-uagb-image--align-center\"><figure class=\"wp-block-uagb-image__figure\"><img decoding=\"async\" srcset=\"https:\/\/somosdaniysofi.com\/wp-content\/uploads\/2023\/03\/DSC8751-1024x684.jpg \" sizes=\"auto, (max-width: 480px) 150px\" src=\"https:\/\/somosdaniysofi.com\/wp-content\/uploads\/2023\/03\/DSC8751-1024x684.jpg\" alt=\"Sesiones personalizadas de fotograf\u00eda infantil en Madrid para que tu hijo siempre tenga los mejores recuerdos\" class=\"uag-image-2637\" width=\"1024\" height=\"684\" title=\"\" loading=\"lazy\" role=\"img\"\/><\/figure><\/div>\n<\/div>\n\n\n\n<div class=\"wp-block-uagb-container uagb-block-75e21d52\">\n<div class=\"wp-block-uagb-image aligncenter uagb-block-a8686001 wp-block-uagb-image--layout-default wp-block-uagb-image--effect-static wp-block-uagb-image--align-center\"><figure class=\"wp-block-uagb-image__figure\"><img decoding=\"async\" srcset=\"https:\/\/somosdaniysofi.com\/wp-content\/uploads\/2023\/06\/Julia-49-1024x684.jpg \" sizes=\"auto, (max-width: 480px) 150px\" src=\"https:\/\/somosdaniysofi.com\/wp-content\/uploads\/2023\/06\/Julia-49-1024x684.jpg\" alt=\"\" class=\"uag-image-3770\" width=\"1024\" height=\"684\" title=\"\" loading=\"lazy\" role=\"img\"\/><\/figure><\/div>\n<\/div>\n<\/div>\n\n\n\n<div class=\"wp-block-uagb-container uagb-block-fe710f76\">\n<div class=\"wp-block-uagb-container uagb-block-cf1d37b2\">\n<div class=\"wp-block-uagb-container uagb-block-4182969e\">\n<div class=\"wp-block-uagb-image aligncenter uagb-block-88fe38b6 wp-block-uagb-image--layout-default wp-block-uagb-image--effect-static wp-block-uagb-image--align-center\"><figure class=\"wp-block-uagb-image__figure\"><img decoding=\"async\" srcset=\"https:\/\/somosdaniysofi.com\/wp-content\/uploads\/2023\/06\/Julia-1-1024x684.jpg , https:\/\/somosdaniysofi.com\/wp-content\/uploads\/2023\/06\/Julia-1-1024x684.jpg 360w\" sizes=\"auto, (max-width: 480px) 150px\" src=\"https:\/\/somosdaniysofi.com\/wp-content\/uploads\/2023\/06\/Julia-1-1024x684.jpg\" alt=\"\" class=\"uag-image-3735\" width=\"1024\" height=\"684\" title=\"\" loading=\"lazy\" role=\"img\"\/><\/figure><\/div>\n<\/div>\n\n\n\n<div class=\"wp-block-uagb-container uagb-block-e4e17777\">\n<div class=\"wp-block-uagb-image aligncenter uagb-block-79de94b6 wp-block-uagb-image--layout-default wp-block-uagb-image--effect-static wp-block-uagb-image--align-center\"><figure class=\"wp-block-uagb-image__figure\"><img decoding=\"async\" srcset=\"https:\/\/somosdaniysofi.com\/wp-content\/uploads\/2023\/06\/Julia-29-1024x684.jpg , https:\/\/somosdaniysofi.com\/wp-content\/uploads\/2023\/06\/Julia-29-1024x684.jpg 360w\" sizes=\"auto, (max-width: 480px) 150px\" src=\"https:\/\/somosdaniysofi.com\/wp-content\/uploads\/2023\/06\/Julia-29-1024x684.jpg\" alt=\"\" class=\"uag-image-3773\" width=\"1024\" height=\"684\" title=\"\" loading=\"lazy\" role=\"img\"\/><\/figure><\/div>\n<\/div>\n<\/div>\n<\/div>\n<\/div><\/div>\n\n\n\n<div class=\"wp-block-uagb-advanced-heading uagb-block-9933ef75\"><p class=\"uagb-heading-text\">Al final, te llevar\u00e1s a casa un juego de fotos que captura los momentos&nbsp;m\u00e1s especiales y divertidos de tu peque\u00f1o\/a. <br>\u00a1Un recuerdo para toda la vida!<\/p><\/div>\n\n\n\n<div class=\"wp-block-uagb-advanced-heading uagb-block-b2cc6aae\"><p class=\"uagb-heading-text\">\u00bfTIENES DUDAS?<\/p><p class=\"uagb-desc-text\">Nosotros te ayudamos<\/p><\/div>\n\n\n<div class=\"wp-block-uagb-faq uagb-faq__outer-wrap uagb-block-ee811407 uagb-faq-icon-row-reverse uagb-faq-layout-accordion uagb-faq-expand-first-false uagb-faq-inactive-other-true uagb-faq__wrap uagb-buttons-layout-wrap uagb-faq-equal-height     \" data-faqtoggle=\"true\" role=\"tablist\"><div class=\"wp-block-uagb-faq-child uagb-faq-child__outer-wrap uagb-faq-item uagb-block-b8b2db6b \" role=\"tab\" tabindex=\"0\"><div class=\"uagb-faq-questions-button uagb-faq-questions\">\t\t\t<span class=\"uagb-icon uagb-faq-icon-wrap\">\n\t\t\t\t\t\t\t\t<svg xmlns=\"https:\/\/www.w3.org\/2000\/svg\" viewBox= \"0 0 448 512\"><path d=\"M432 256c0 17.69-14.33 32.01-32 32.01H256v144c0 17.69-14.33 31.99-32 31.99s-32-14.3-32-31.99v-144H48c-17.67 0-32-14.32-32-32.01s14.33-31.99 32-31.99H192v-144c0-17.69 14.33-32.01 32-32.01s32 14.32 32 32.01v144h144C417.7 224 432 238.3 432 256z\"><\/path><\/svg>\n\t\t\t\t\t\t\t<\/span>\n\t\t\t\t\t\t<span class=\"uagb-icon-active uagb-faq-icon-wrap\">\n\t\t\t\t\t\t\t\t<svg xmlns=\"https:\/\/www.w3.org\/2000\/svg\" viewBox= \"0 0 448 512\"><path d=\"M400 288h-352c-17.69 0-32-14.32-32-32.01s14.31-31.99 32-31.99h352c17.69 0 32 14.3 32 31.99S417.7 288 400 288z\"><\/path><\/svg>\n\t\t\t\t\t\t\t<\/span>\n\t\t\t<span class=\"uagb-question\">\u00bfCu\u00e1ndo es recomendable hacer esta sesi\u00f3n?<\/span><\/div><div class=\"uagb-faq-content\"><p>Las sesiones infantiles las realizamos\u00a0desde los 3 meses hasta los 10 a\u00f1os. Nuestra recomendaci\u00f3n es a partir de los 6-7 meses, ya que esto nos permite capturar una variedad de poses con mayor facilidad.<\/p><\/div><\/div><div class=\"wp-block-uagb-faq-child uagb-faq-child__outer-wrap uagb-faq-item uagb-block-cc71927b \" role=\"tab\" tabindex=\"0\"><div class=\"uagb-faq-questions-button uagb-faq-questions\">\t\t\t<span class=\"uagb-icon uagb-faq-icon-wrap\">\n\t\t\t\t\t\t\t\t<svg xmlns=\"https:\/\/www.w3.org\/2000\/svg\" viewBox= \"0 0 448 512\"><path d=\"M432 256c0 17.69-14.33 32.01-32 32.01H256v144c0 17.69-14.33 31.99-32 31.99s-32-14.3-32-31.99v-144H48c-17.67 0-32-14.32-32-32.01s14.33-31.99 32-31.99H192v-144c0-17.69 14.33-32.01 32-32.01s32 14.32 32 32.01v144h144C417.7 224 432 238.3 432 256z\"><\/path><\/svg>\n\t\t\t\t\t\t\t<\/span>\n\t\t\t\t\t\t<span class=\"uagb-icon-active uagb-faq-icon-wrap\">\n\t\t\t\t\t\t\t\t<svg xmlns=\"https:\/\/www.w3.org\/2000\/svg\" viewBox= \"0 0 448 512\"><path d=\"M400 288h-352c-17.69 0-32-14.32-32-32.01s14.31-31.99 32-31.99h352c17.69 0 32 14.3 32 31.99S417.7 288 400 288z\"><\/path><\/svg>\n\t\t\t\t\t\t\t<\/span>\n\t\t\t<span class=\"uagb-question\">\u00bfQu\u00e9 vestuario hay que llevar?<\/span><\/div><div class=\"uagb-faq-content\"><p>Para una sesi\u00f3n de fotos infantil, es importante elegir ropa que sea c\u00f3moda para el ni\u00f1o y que refleje su personalidad y estilo. Nuestras recomendaciones son: ropa sencilla y natural, en colores suaves y pastel.\u00a0Ropa con detalles divertidos, como botones o lazos.\u00a0<br><br>Tambi\u00e9n es importante considerar la \u00e9poca del a\u00f1o en la que se realiza la sesi\u00f3n y vestir al ni\u00f1o adecuadamente para el clima.<\/p><\/div><\/div><div class=\"wp-block-uagb-faq-child uagb-faq-child__outer-wrap uagb-faq-item uagb-block-25908792 \" role=\"tab\" tabindex=\"0\"><div class=\"uagb-faq-questions-button uagb-faq-questions\">\t\t\t<span class=\"uagb-icon uagb-faq-icon-wrap\">\n\t\t\t\t\t\t\t\t<svg xmlns=\"https:\/\/www.w3.org\/2000\/svg\" viewBox= \"0 0 448 512\"><path d=\"M432 256c0 17.69-14.33 32.01-32 32.01H256v144c0 17.69-14.33 31.99-32 31.99s-32-14.3-32-31.99v-144H48c-17.67 0-32-14.32-32-32.01s14.33-31.99 32-31.99H192v-144c0-17.69 14.33-32.01 32-32.01s32 14.32 32 32.01v144h144C417.7 224 432 238.3 432 256z\"><\/path><\/svg>\n\t\t\t\t\t\t\t<\/span>\n\t\t\t\t\t\t<span class=\"uagb-icon-active uagb-faq-icon-wrap\">\n\t\t\t\t\t\t\t\t<svg xmlns=\"https:\/\/www.w3.org\/2000\/svg\" viewBox= \"0 0 448 512\"><path d=\"M400 288h-352c-17.69 0-32-14.32-32-32.01s14.31-31.99 32-31.99h352c17.69 0 32 14.3 32 31.99S417.7 288 400 288z\"><\/path><\/svg>\n\t\t\t\t\t\t\t<\/span>\n\t\t\t<span class=\"uagb-question\">\u00bfD\u00f3nde se realiza esta sesi\u00f3n?<\/span><\/div><div class=\"uagb-faq-content\"><p>Nuestras sesiones de fotos infantiles pueden llevarse a cabo tanto en la comodidad de tu hogar, como en un estudio o en exteriores.<\/p><\/div><\/div><div class=\"wp-block-uagb-faq-child uagb-faq-child__outer-wrap uagb-faq-item uagb-block-fb0c8fe6 \" role=\"tab\" tabindex=\"0\"><div class=\"uagb-faq-questions-button uagb-faq-questions\">\t\t\t<span class=\"uagb-icon uagb-faq-icon-wrap\">\n\t\t\t\t\t\t\t\t<svg xmlns=\"https:\/\/www.w3.org\/2000\/svg\" viewBox= \"0 0 448 512\"><path d=\"M432 256c0 17.69-14.33 32.01-32 32.01H256v144c0 17.69-14.33 31.99-32 31.99s-32-14.3-32-31.99v-144H48c-17.67 0-32-14.32-32-32.01s14.33-31.99 32-31.99H192v-144c0-17.69 14.33-32.01 32-32.01s32 14.32 32 32.01v144h144C417.7 224 432 238.3 432 256z\"><\/path><\/svg>\n\t\t\t\t\t\t\t<\/span>\n\t\t\t\t\t\t<span class=\"uagb-icon-active uagb-faq-icon-wrap\">\n\t\t\t\t\t\t\t\t<svg xmlns=\"https:\/\/www.w3.org\/2000\/svg\" viewBox= \"0 0 448 512\"><path d=\"M400 288h-352c-17.69 0-32-14.32-32-32.01s14.31-31.99 32-31.99h352c17.69 0 32 14.3 32 31.99S417.7 288 400 288z\"><\/path><\/svg>\n\t\t\t\t\t\t\t<\/span>\n\t\t\t<span class=\"uagb-question\">\u00bfDisponen de packs para la sesi\u00f3n infantil?<\/span><\/div><div class=\"uagb-faq-content\"><p>S\u00ed, disponemos de varios packs que te permitir\u00e1n escoger el que mejor se adapte a lo que est\u00e1s buscando para que conserves todos los momentos especiales de tu hijo\/hija. No dudes en contactarnos para que te expliquemos en qu\u00e9 consisten.<\/p><\/div><\/div><div class=\"wp-block-uagb-faq-child uagb-faq-child__outer-wrap uagb-faq-item uagb-block-5bae8e14 \" role=\"tab\" tabindex=\"0\"><div class=\"uagb-faq-questions-button uagb-faq-questions\">\t\t\t<span class=\"uagb-icon uagb-faq-icon-wrap\">\n\t\t\t\t\t\t\t\t<svg xmlns=\"https:\/\/www.w3.org\/2000\/svg\" viewBox= \"0 0 448 512\"><path d=\"M432 256c0 17.69-14.33 32.01-32 32.01H256v144c0 17.69-14.33 31.99-32 31.99s-32-14.3-32-31.99v-144H48c-17.67 0-32-14.32-32-32.01s14.33-31.99 32-31.99H192v-144c0-17.69 14.33-32.01 32-32.01s32 14.32 32 32.01v144h144C417.7 224 432 238.3 432 256z\"><\/path><\/svg>\n\t\t\t\t\t\t\t<\/span>\n\t\t\t\t\t\t<span class=\"uagb-icon-active uagb-faq-icon-wrap\">\n\t\t\t\t\t\t\t\t<svg xmlns=\"https:\/\/www.w3.org\/2000\/svg\" viewBox= \"0 0 448 512\"><path d=\"M400 288h-352c-17.69 0-32-14.32-32-32.01s14.31-31.99 32-31.99h352c17.69 0 32 14.3 32 31.99S417.7 288 400 288z\"><\/path><\/svg>\n\t\t\t\t\t\t\t<\/span>\n\t\t\t<span class=\"uagb-question\">\u00bfExiste la posibilidad de tener los brutos?<\/span><\/div><div class=\"uagb-faq-content\"><p>Entendemos el inter\u00e9s y curiosidad en poder acceder al material original. Sin embargo, nos gustar\u00eda explicarte por qu\u00e9 no lo hacemos y solo entregamos el montaje como producto final:<br><br>&#8211; El trabajo que ofrecemos no solo en fotografiar, sino tambi\u00e9n en seleccionar las mejores tomas, editarlas, retocar color, pieles, etc. Los brutos son solo la materia prima, y no representan la calidad final que queremos ofreceros.<br>&#8211; Durante la sesi\u00f3n, es inevitable capturar momentos que no son relevantes para el reportaje final y no podemos entregar este tipo de material a nuestros clientes.<\/p><\/div><\/div><div class=\"wp-block-uagb-faq-child uagb-faq-child__outer-wrap uagb-faq-item uagb-block-c1db542e \" role=\"tab\" tabindex=\"0\"><div class=\"uagb-faq-questions-button uagb-faq-questions\">\t\t\t<span class=\"uagb-icon uagb-faq-icon-wrap\">\n\t\t\t\t\t\t\t\t<svg xmlns=\"https:\/\/www.w3.org\/2000\/svg\" viewBox= \"0 0 448 512\"><path d=\"M432 256c0 17.69-14.33 32.01-32 32.01H256v144c0 17.69-14.33 31.99-32 31.99s-32-14.3-32-31.99v-144H48c-17.67 0-32-14.32-32-32.01s14.33-31.99 32-31.99H192v-144c0-17.69 14.33-32.01 32-32.01s32 14.32 32 32.01v144h144C417.7 224 432 238.3 432 256z\"><\/path><\/svg>\n\t\t\t\t\t\t\t<\/span>\n\t\t\t\t\t\t<span class=\"uagb-icon-active uagb-faq-icon-wrap\">\n\t\t\t\t\t\t\t\t<svg xmlns=\"https:\/\/www.w3.org\/2000\/svg\" viewBox= \"0 0 448 512\"><path d=\"M400 288h-352c-17.69 0-32-14.32-32-32.01s14.31-31.99 32-31.99h352c17.69 0 32 14.3 32 31.99S417.7 288 400 288z\"><\/path><\/svg>\n\t\t\t\t\t\t\t<\/span>\n\t\t\t<span class=\"uagb-question\">\u00bfC\u00f3mo puedo reservar una sesi\u00f3n?<\/span><\/div><div class=\"uagb-faq-content\"><p>Para ponerte en contacto con nosotros puedes escribirnos directamente a nuestro correo electr\u00f3nico (somosdaniysofi@gmail.com), escribirnos por <a href=\"https:\/\/www.instagram.com\/somosdaniysofi\/\">Instagram<\/a>, o bien mediante el formulario de <a data-type=\"URL\" data-id=\"https:\/\/somosdaniysofi.com\/index.php\/contacto\/\" href=\"https:\/\/somosdaniysofi.com\/index.php\/contacto\/\">contacto<\/a>.<\/p><\/div><\/div><\/div>\n\n\n<hr class=\"wp-block-separator has-text-color has-ast-global-color-1-color has-alpha-channel-opacity has-ast-global-color-1-background-color has-background\"\/>\n\n\n\n<div class=\"wp-block-uagb-container uagb-block-8e575360 default uagb-is-root-container\">\n<div class=\"wp-block-uagb-advanced-heading uagb-block-24349441\"><h3 class=\"uagb-heading-text\">TE PODR\u00cdA INTERESAR&#8230;<\/h3><p class=\"uagb-desc-text\">Contamos con otros servicios de fotograf\u00eda y v\u00eddeo que podr\u00edan interesarte:<\/p><\/div>\n\n\n\n<div class=\"wp-block-uagb-container uagb-block-38e1dc43\">\n<div class=\"wp-block-uagb-container uagb-block-008277f7\">\n<div class=\"wp-block-uagb-advanced-heading uagb-block-7ba46e11\"><h5 class=\"uagb-heading-text\"><a href=\"https:\/\/somosdaniysofi.com\/index.php\/fotografo-y-video-de-bodas\/\">FOTOGRAF\u00cdA Y V\u00cdDEO DE BODAS<\/a><\/h5><\/div>\n<\/div>\n\n\n\n<div class=\"wp-block-uagb-container uagb-block-8e7355ea\">\n<div class=\"wp-block-uagb-advanced-heading uagb-block-1a8e3290\"><h5 class=\"uagb-heading-text\"><a href=\"https:\/\/somosdaniysofi.com\/index.php\/fotografia-de-embarazada\/\">FOTOGRAF\u00cdA DE EMBARAZO<\/a><\/h5><\/div>\n<\/div>\n\n\n\n<div class=\"wp-block-uagb-container uagb-block-74401385\">\n<div class=\"wp-block-uagb-advanced-heading uagb-block-2b90a4a2\"><h5 class=\"uagb-heading-text\"><a href=\"https:\/\/somosdaniysofi.com\/index.php\/fotografia-de-recien-nacido\/\">FOTOGRAF\u00cdA DE RECI\u00c9N NACIDO<\/a><\/h5><\/div>\n<\/div>\n<\/div>\n<\/div>\n","protected":false},"excerpt":{"rendered":"<p>Nuestra sesi\u00f3n de fotograf\u00eda infantil est\u00e1 dise\u00f1ada para capturar la autenticidad y la belleza natural de tu hijo. Sabemos que cada ni\u00f1o es \u00fanico y especial, y nos encanta trabajar con ellos para crear im\u00e1genes que reflejen su personalidad y carisma. En Madrid, hacemos que cada sesi\u00f3n de fotos sea una experiencia divertida y memorable [&hellip;]<\/p>\n","protected":false},"author":1,"featured_media":0,"parent":0,"menu_order":0,"comment_status":"closed","ping_status":"closed","template":"","meta":{"_uag_custom_page_level_css":"","site-sidebar-layout":"default","site-content-layout":"","ast-site-content-layout":"default","site-content-style":"default","site-sidebar-style":"default","ast-global-header-display":"","ast-banner-title-visibility":"","ast-main-header-display":"","ast-hfb-above-header-display":"","ast-hfb-below-header-display":"","ast-hfb-mobile-header-display":"","site-post-title":"disabled","ast-breadcrumbs-content":"","ast-featured-img":"","footer-sml-layout":"","theme-transparent-header-meta":"","adv-header-id-meta":"","stick-header-meta":"","header-above-stick-meta":"","header-main-stick-meta":"","header-below-stick-meta":"","astra-migrate-meta-layouts":"set","ast-page-background-enabled":"default","ast-page-background-meta":{"desktop":{"background-color":"","background-image":"","background-repeat":"repeat","background-position":"center center","background-size":"auto","background-attachment":"scroll","background-type":"","background-media":"","overlay-type":"","overlay-color":"","overlay-opacity":"","overlay-gradient":""},"tablet":{"background-color":"","background-image":"","background-repeat":"repeat","background-position":"center center","background-size":"auto","background-attachment":"scroll","background-type":"","background-media":"","overlay-type":"","overlay-color":"","overlay-opacity":"","overlay-gradient":""},"mobile":{"background-color":"","background-image":"","background-repeat":"repeat","background-position":"center center","background-size":"auto","background-attachment":"scroll","background-type":"","background-media":"","overlay-type":"","overlay-color":"","overlay-opacity":"","overlay-gradient":""}},"ast-content-background-meta":{"desktop":{"background-color":"var(--ast-global-color-5)","background-image":"","background-repeat":"repeat","background-position":"center center","background-size":"auto","background-attachment":"scroll","background-type":"","background-media":"","overlay-type":"","overlay-color":"","overlay-opacity":"","overlay-gradient":""},"tablet":{"background-color":"var(--ast-global-color-5)","background-image":"","background-repeat":"repeat","background-position":"center center","background-size":"auto","background-attachment":"scroll","background-type":"","background-media":"","overlay-type":"","overlay-color":"","overlay-opacity":"","overlay-gradient":""},"mobile":{"background-color":"var(--ast-global-color-5)","background-image":"","background-repeat":"repeat","background-position":"center center","background-size":"auto","background-attachment":"scroll","background-type":"","background-media":"","overlay-type":"","overlay-color":"","overlay-opacity":"","overlay-gradient":""}},"footnotes":""},"class_list":["post-2167","page","type-page","status-publish","hentry"],"yoast_head":"<!-- This site is optimized with the Yoast SEO plugin v27.5 - https:\/\/yoast.com\/product\/yoast-seo-wordpress\/ -->\n<title>Fotograf\u00eda Infantil en Madrid - Somos Dani &amp; Sofi<\/title>\n<meta name=\"description\" content=\"Fotograf\u00eda infantil en Madrid: inmortaliza los momentos m\u00e1s especiales y divertidos de tu hijo con nuestras sesiones personalizadas.\" \/>\n<meta name=\"robots\" content=\"index, follow, max-snippet:-1, max-image-preview:large, max-video-preview:-1\" \/>\n<link rel=\"canonical\" href=\"https:\/\/somosdaniysofi.com\/index.php\/fotografia-infantil-madrid\/\" \/>\n<meta property=\"og:locale\" content=\"es_ES\" \/>\n<meta property=\"og:type\" content=\"article\" \/>\n<meta property=\"og:title\" content=\"Fotograf\u00eda Infantil en Madrid - Somos Dani &amp; Sofi\" \/>\n<meta property=\"og:description\" content=\"Fotograf\u00eda infantil en Madrid: inmortaliza los momentos m\u00e1s especiales y divertidos de tu hijo con nuestras sesiones personalizadas.\" \/>\n<meta property=\"og:url\" content=\"https:\/\/somosdaniysofi.com\/index.php\/fotografia-infantil-madrid\/\" \/>\n<meta property=\"og:site_name\" content=\"Somos Dani &amp; Sofi\" \/>\n<meta property=\"article:modified_time\" content=\"2025-06-28T13:29:52+00:00\" \/>\n<meta property=\"og:image\" content=\"https:\/\/somosdaniysofi.com\/wp-content\/uploads\/2023\/06\/Julia-37-684x1024.jpg\" \/>\n<meta name=\"twitter:card\" content=\"summary_large_image\" \/>\n<meta name=\"twitter:label1\" content=\"Tiempo de lectura\" \/>\n\t<meta name=\"twitter:data1\" content=\"3 minutos\" \/>\n<script type=\"application\/ld+json\" class=\"yoast-schema-graph\">{\"@context\":\"https:\\\/\\\/schema.org\",\"@graph\":[{\"@type\":\"WebPage\",\"@id\":\"https:\\\/\\\/somosdaniysofi.com\\\/index.php\\\/fotografia-infantil-madrid\\\/\",\"url\":\"https:\\\/\\\/somosdaniysofi.com\\\/index.php\\\/fotografia-infantil-madrid\\\/\",\"name\":\"Fotograf\u00eda Infantil en Madrid - Somos Dani &amp; Sofi\",\"isPartOf\":{\"@id\":\"https:\\\/\\\/somosdaniysofi.com\\\/#website\"},\"primaryImageOfPage\":{\"@id\":\"https:\\\/\\\/somosdaniysofi.com\\\/index.php\\\/fotografia-infantil-madrid\\\/#primaryimage\"},\"image\":{\"@id\":\"https:\\\/\\\/somosdaniysofi.com\\\/index.php\\\/fotografia-infantil-madrid\\\/#primaryimage\"},\"thumbnailUrl\":\"https:\\\/\\\/somosdaniysofi.com\\\/wp-content\\\/uploads\\\/2023\\\/06\\\/Julia-37-684x1024.jpg\",\"datePublished\":\"2023-03-13T18:41:06+00:00\",\"dateModified\":\"2025-06-28T13:29:52+00:00\",\"description\":\"Fotograf\u00eda infantil en Madrid: inmortaliza los momentos m\u00e1s especiales y divertidos de tu hijo con nuestras sesiones personalizadas.\",\"breadcrumb\":{\"@id\":\"https:\\\/\\\/somosdaniysofi.com\\\/index.php\\\/fotografia-infantil-madrid\\\/#breadcrumb\"},\"inLanguage\":\"es\",\"potentialAction\":[{\"@type\":\"ReadAction\",\"target\":[\"https:\\\/\\\/somosdaniysofi.com\\\/index.php\\\/fotografia-infantil-madrid\\\/\"]}]},{\"@type\":\"ImageObject\",\"inLanguage\":\"es\",\"@id\":\"https:\\\/\\\/somosdaniysofi.com\\\/index.php\\\/fotografia-infantil-madrid\\\/#primaryimage\",\"url\":\"https:\\\/\\\/somosdaniysofi.com\\\/wp-content\\\/uploads\\\/2023\\\/06\\\/Julia-37-scaled.jpg\",\"contentUrl\":\"https:\\\/\\\/somosdaniysofi.com\\\/wp-content\\\/uploads\\\/2023\\\/06\\\/Julia-37-scaled.jpg\",\"width\":1709,\"height\":2560},{\"@type\":\"BreadcrumbList\",\"@id\":\"https:\\\/\\\/somosdaniysofi.com\\\/index.php\\\/fotografia-infantil-madrid\\\/#breadcrumb\",\"itemListElement\":[{\"@type\":\"ListItem\",\"position\":1,\"name\":\"Portada\",\"item\":\"https:\\\/\\\/somosdaniysofi.com\\\/\"},{\"@type\":\"ListItem\",\"position\":2,\"name\":\"Infantil\"}]},{\"@type\":\"WebSite\",\"@id\":\"https:\\\/\\\/somosdaniysofi.com\\\/#website\",\"url\":\"https:\\\/\\\/somosdaniysofi.com\\\/\",\"name\":\"somosdaniysofi.com\",\"description\":\"Fotograf\u00eda y video en Madrid. Bodas, Bautizos, Premam\u00e1 y m\u00e1s\",\"publisher\":{\"@id\":\"https:\\\/\\\/somosdaniysofi.com\\\/#\\\/schema\\\/person\\\/16a4aabfcd6ecbfa99f355c8539930a2\"},\"potentialAction\":[{\"@type\":\"SearchAction\",\"target\":{\"@type\":\"EntryPoint\",\"urlTemplate\":\"https:\\\/\\\/somosdaniysofi.com\\\/?s={search_term_string}\"},\"query-input\":{\"@type\":\"PropertyValueSpecification\",\"valueRequired\":true,\"valueName\":\"search_term_string\"}}],\"inLanguage\":\"es\"},{\"@type\":[\"Person\",\"Organization\"],\"@id\":\"https:\\\/\\\/somosdaniysofi.com\\\/#\\\/schema\\\/person\\\/16a4aabfcd6ecbfa99f355c8539930a2\",\"name\":\"somosdaniysofi\",\"image\":{\"@type\":\"ImageObject\",\"inLanguage\":\"es\",\"@id\":\"https:\\\/\\\/somosdaniysofi.com\\\/wp-content\\\/uploads\\\/2023\\\/08\\\/El_elegido-removebg-preview.png\",\"url\":\"https:\\\/\\\/somosdaniysofi.com\\\/wp-content\\\/uploads\\\/2023\\\/08\\\/El_elegido-removebg-preview.png\",\"contentUrl\":\"https:\\\/\\\/somosdaniysofi.com\\\/wp-content\\\/uploads\\\/2023\\\/08\\\/El_elegido-removebg-preview.png\",\"width\":500,\"height\":500,\"caption\":\"somosdaniysofi\"},\"logo\":{\"@id\":\"https:\\\/\\\/somosdaniysofi.com\\\/wp-content\\\/uploads\\\/2023\\\/08\\\/El_elegido-removebg-preview.png\"},\"sameAs\":[\"https:\\\/\\\/somosdaniysofi.com\"]}]}<\/script>\n<!-- \/ Yoast SEO plugin. -->","yoast_head_json":{"title":"Fotograf\u00eda Infantil en Madrid - Somos Dani &amp; Sofi","description":"Fotograf\u00eda infantil en Madrid: inmortaliza los momentos m\u00e1s especiales y divertidos de tu hijo con nuestras sesiones personalizadas.","robots":{"index":"index","follow":"follow","max-snippet":"max-snippet:-1","max-image-preview":"max-image-preview:large","max-video-preview":"max-video-preview:-1"},"canonical":"https:\/\/somosdaniysofi.com\/index.php\/fotografia-infantil-madrid\/","og_locale":"es_ES","og_type":"article","og_title":"Fotograf\u00eda Infantil en Madrid - Somos Dani &amp; Sofi","og_description":"Fotograf\u00eda infantil en Madrid: inmortaliza los momentos m\u00e1s especiales y divertidos de tu hijo con nuestras sesiones personalizadas.","og_url":"https:\/\/somosdaniysofi.com\/index.php\/fotografia-infantil-madrid\/","og_site_name":"Somos Dani &amp; Sofi","article_modified_time":"2025-06-28T13:29:52+00:00","og_image":[{"url":"https:\/\/somosdaniysofi.com\/wp-content\/uploads\/2023\/06\/Julia-37-684x1024.jpg","type":"","width":"","height":""}],"twitter_card":"summary_large_image","twitter_misc":{"Tiempo de lectura":"3 minutos"},"schema":{"@context":"https:\/\/schema.org","@graph":[{"@type":"WebPage","@id":"https:\/\/somosdaniysofi.com\/index.php\/fotografia-infantil-madrid\/","url":"https:\/\/somosdaniysofi.com\/index.php\/fotografia-infantil-madrid\/","name":"Fotograf\u00eda Infantil en Madrid - Somos Dani &amp; Sofi","isPartOf":{"@id":"https:\/\/somosdaniysofi.com\/#website"},"primaryImageOfPage":{"@id":"https:\/\/somosdaniysofi.com\/index.php\/fotografia-infantil-madrid\/#primaryimage"},"image":{"@id":"https:\/\/somosdaniysofi.com\/index.php\/fotografia-infantil-madrid\/#primaryimage"},"thumbnailUrl":"https:\/\/somosdaniysofi.com\/wp-content\/uploads\/2023\/06\/Julia-37-684x1024.jpg","datePublished":"2023-03-13T18:41:06+00:00","dateModified":"2025-06-28T13:29:52+00:00","description":"Fotograf\u00eda infantil en Madrid: inmortaliza los momentos m\u00e1s especiales y divertidos de tu hijo con nuestras sesiones personalizadas.","breadcrumb":{"@id":"https:\/\/somosdaniysofi.com\/index.php\/fotografia-infantil-madrid\/#breadcrumb"},"inLanguage":"es","potentialAction":[{"@type":"ReadAction","target":["https:\/\/somosdaniysofi.com\/index.php\/fotografia-infantil-madrid\/"]}]},{"@type":"ImageObject","inLanguage":"es","@id":"https:\/\/somosdaniysofi.com\/index.php\/fotografia-infantil-madrid\/#primaryimage","url":"https:\/\/somosdaniysofi.com\/wp-content\/uploads\/2023\/06\/Julia-37-scaled.jpg","contentUrl":"https:\/\/somosdaniysofi.com\/wp-content\/uploads\/2023\/06\/Julia-37-scaled.jpg","width":1709,"height":2560},{"@type":"BreadcrumbList","@id":"https:\/\/somosdaniysofi.com\/index.php\/fotografia-infantil-madrid\/#breadcrumb","itemListElement":[{"@type":"ListItem","position":1,"name":"Portada","item":"https:\/\/somosdaniysofi.com\/"},{"@type":"ListItem","position":2,"name":"Infantil"}]},{"@type":"WebSite","@id":"https:\/\/somosdaniysofi.com\/#website","url":"https:\/\/somosdaniysofi.com\/","name":"somosdaniysofi.com","description":"Fotograf\u00eda y video en Madrid. Bodas, Bautizos, Premam\u00e1 y m\u00e1s","publisher":{"@id":"https:\/\/somosdaniysofi.com\/#\/schema\/person\/16a4aabfcd6ecbfa99f355c8539930a2"},"potentialAction":[{"@type":"SearchAction","target":{"@type":"EntryPoint","urlTemplate":"https:\/\/somosdaniysofi.com\/?s={search_term_string}"},"query-input":{"@type":"PropertyValueSpecification","valueRequired":true,"valueName":"search_term_string"}}],"inLanguage":"es"},{"@type":["Person","Organization"],"@id":"https:\/\/somosdaniysofi.com\/#\/schema\/person\/16a4aabfcd6ecbfa99f355c8539930a2","name":"somosdaniysofi","image":{"@type":"ImageObject","inLanguage":"es","@id":"https:\/\/somosdaniysofi.com\/wp-content\/uploads\/2023\/08\/El_elegido-removebg-preview.png","url":"https:\/\/somosdaniysofi.com\/wp-content\/uploads\/2023\/08\/El_elegido-removebg-preview.png","contentUrl":"https:\/\/somosdaniysofi.com\/wp-content\/uploads\/2023\/08\/El_elegido-removebg-preview.png","width":500,"height":500,"caption":"somosdaniysofi"},"logo":{"@id":"https:\/\/somosdaniysofi.com\/wp-content\/uploads\/2023\/08\/El_elegido-removebg-preview.png"},"sameAs":["https:\/\/somosdaniysofi.com"]}]}},"uagb_featured_image_src":{"full":false,"thumbnail":false,"medium":false,"medium_large":false,"large":false,"1536x1536":false,"2048x2048":false},"uagb_author_info":{"display_name":"somosdaniysofi","author_link":"https:\/\/somosdaniysofi.com\/index.php\/author\/somosdaniysofi\/"},"uagb_comment_info":0,"uagb_excerpt":"Nuestra sesi\u00f3n de fotograf\u00eda infantil est\u00e1 dise\u00f1ada para capturar la autenticidad y la belleza natural de tu hijo. Sabemos que cada ni\u00f1o es \u00fanico y especial, y nos encanta trabajar con ellos para crear im\u00e1genes que reflejen su personalidad y carisma. En Madrid, hacemos que cada sesi\u00f3n de fotos sea una experiencia divertida y memorable&hellip;","_links":{"self":[{"href":"https:\/\/somosdaniysofi.com\/index.php\/wp-json\/wp\/v2\/pages\/2167","targetHints":{"allow":["GET"]}}],"collection":[{"href":"https:\/\/somosdaniysofi.com\/index.php\/wp-json\/wp\/v2\/pages"}],"about":[{"href":"https:\/\/somosdaniysofi.com\/index.php\/wp-json\/wp\/v2\/types\/page"}],"author":[{"embeddable":true,"href":"https:\/\/somosdaniysofi.com\/index.php\/wp-json\/wp\/v2\/users\/1"}],"replies":[{"embeddable":true,"href":"https:\/\/somosdaniysofi.com\/index.php\/wp-json\/wp\/v2\/comments?post=2167"}],"version-history":[{"count":85,"href":"https:\/\/somosdaniysofi.com\/index.php\/wp-json\/wp\/v2\/pages\/2167\/revisions"}],"predecessor-version":[{"id":4250,"href":"https:\/\/somosdaniysofi.com\/index.php\/wp-json\/wp\/v2\/pages\/2167\/revisions\/4250"}],"wp:attachment":[{"href":"https:\/\/somosdaniysofi.com\/index.php\/wp-json\/wp\/v2\/media?parent=2167"}],"curies":[{"name":"wp","href":"https:\/\/api.w.org\/{rel}","templated":true}]}}