{"id":4038,"date":"2024-11-09T18:12:03","date_gmt":"2024-11-09T18:12:03","guid":{"rendered":"https:\/\/somosdaniysofi.com\/index.php\/fotografia-de-embarazada-copy\/"},"modified":"2025-06-26T19:04:25","modified_gmt":"2025-06-26T19:04:25","slug":"fotografia-familiar-familia","status":"publish","type":"page","link":"https:\/\/somosdaniysofi.com\/index.php\/fotografia-familiar-familia\/","title":{"rendered":"Familiar"},"content":{"rendered":"\n<div class=\"wp-block-uagb-container uagb-block-2c91a342 alignfull uagb-is-root-container\"><div class=\"uagb-container-inner-blocks-wrap\">\n<div class=\"wp-block-uagb-container uagb-block-f7989ac6\">\n<div class=\"wp-block-uagb-info-box uagb-block-f5c7edb8 uagb-infobox__content-wrap  uagb-infobox-icon-above-title uagb-infobox-image-valign-top\"><div class=\"uagb-ifb-content\"><div class=\"uagb-ifb-title-wrap\"><h1 class=\"uagb-ifb-title\">fotograf\u00eda<br>FAMILIAR<\/h1><\/div><\/div><\/div>\n\n\n\n<div class=\"wp-block-uagb-advanced-heading uagb-block-565587e0\"><h2 class=\"uagb-heading-text\">En Madrid, capturamos la esencia de tu familia con nuestro servicio personalizado de fotograf\u00eda familiar. <\/h2><\/div>\n\n\n\n<div class=\"wp-block-uagb-advanced-heading uagb-block-6e018fcd\"><h2 class=\"uagb-heading-text\">Inmortalizamos momentos \u00fanicos y divertidos en un entorno natural o en tu propio hogar, creando recuerdos inolvidables para toda la vida.<\/h2><\/div>\n<\/div>\n\n\n\n<div class=\"wp-block-uagb-container uagb-block-1b3477e9\">\n<div class=\"wp-block-uagb-image uagb-block-e944dabf wp-block-uagb-image--layout-default wp-block-uagb-image--effect-static wp-block-uagb-image--align-none\"><figure class=\"wp-block-uagb-image__figure\"><img decoding=\"async\" srcset=\"https:\/\/somosdaniysofi.com\/wp-content\/uploads\/2024\/11\/Familiar-3-1024x684.jpg ,https:\/\/somosdaniysofi.com\/wp-content\/uploads\/2024\/11\/Familiar-3-scaled.jpg 780w, https:\/\/somosdaniysofi.com\/wp-content\/uploads\/2024\/11\/Familiar-3-scaled.jpg 360w\" sizes=\"auto, (max-width: 480px) 150px\" src=\"https:\/\/somosdaniysofi.com\/wp-content\/uploads\/2024\/11\/Familiar-3-1024x684.jpg\" alt=\"Fotograf\u00eda familiar en Madrid al aire libre\" class=\"uag-image-4034\" width=\"1024\" height=\"684\" title=\"Familiar-3\" loading=\"lazy\" role=\"img\"\/><\/figure><\/div>\n<\/div>\n<\/div><\/div>\n\n\n\n<div class=\"wp-block-uagb-container uagb-block-fdfe5944 alignfull uagb-is-root-container\"><div class=\"uagb-container-inner-blocks-wrap\">\n<div style=\"height:25px\" aria-hidden=\"true\" class=\"wp-block-spacer\"><\/div>\n\n\n\n<div class=\"wp-block-uagb-blockquote uagb-block-aad92909 uagb-blockquote__skin-quotation uagb-blockquote__align-center uagb-blockquote__style-style_1 uagb-blockquote__stack-img-none\"><blockquote class=\"uagb-blockquote\"><span class=\"uagb-blockquote__icon\"><svg width=\"20\" height=\"20\" viewBox=\"0 0 32 32\"><path d=\"M7.031 14c3.866 0 7 3.134 7 7s-3.134 7-7 7-7-3.134-7-7l-0.031-1c0-7.732 6.268-14 14-14v4c-2.671 0-5.182 1.040-7.071 2.929-0.364 0.364-0.695 0.751-0.995 1.157 0.357-0.056 0.724-0.086 1.097-0.086zM25.031 14c3.866 0 7 3.134 7 7s-3.134 7-7 7-7-3.134-7-7l-0.031-1c0-7.732 6.268-14 14-14v4c-2.671 0-5.182 1.040-7.071 2.929-0.364 0.364-0.695 0.751-0.995 1.157 0.358-0.056 0.724-0.086 1.097-0.086z\"><\/path><\/svg><\/span><div class=\"uagb-blockquote__content\">Desde Madrid y en nuestra sesi\u00f3n de fotograf\u00eda familiar, nos especializamos en capturar momentos aut\u00e9nticos de tu familia. Como fot\u00f3grafos profesionales, nos aseguramos de inmortalizar la esencia en cada sesi\u00f3n. Ya sea en exteriores, a domicilio o en estudio, nos preocupamos siempre de crear un ambiente c\u00f3modo y relajado para tu familia.\u00a0<\/div><footer><div class=\"uagb-blockquote__author-wrap uagb-blockquote__author-at-left\"><\/div><\/footer><\/blockquote><\/div>\n\n\n\n<div style=\"height:25px\" aria-hidden=\"true\" class=\"wp-block-spacer\"><\/div>\n<\/div><\/div>\n\n\n\n<div class=\"wp-block-uagb-container uagb-block-215c2407 alignfull uagb-is-root-container\"><div class=\"uagb-container-inner-blocks-wrap\">\n<div class=\"wp-block-uagb-container uagb-block-8eb7ef36\">\n<figure class=\"wp-block-image aligncenter size-large is-resized\"><img loading=\"lazy\" decoding=\"async\" width=\"684\" height=\"1024\" src=\"https:\/\/somosdaniysofi.com\/wp-content\/uploads\/2024\/11\/Familiar-3-1-684x1024.jpg\" alt=\"Sesi\u00f3n de fotos familiar en Madrid con ni\u00f1os\" class=\"wp-image-4040\" style=\"object-fit:cover;width:540px;height:auto\" srcset=\"https:\/\/somosdaniysofi.com\/wp-content\/uploads\/2024\/11\/Familiar-3-1-684x1024.jpg 684w, https:\/\/somosdaniysofi.com\/wp-content\/uploads\/2024\/11\/Familiar-3-1-200x300.jpg 200w, https:\/\/somosdaniysofi.com\/wp-content\/uploads\/2024\/11\/Familiar-3-1-768x1150.jpg 768w, https:\/\/somosdaniysofi.com\/wp-content\/uploads\/2024\/11\/Familiar-3-1-1025x1536.jpg 1025w, https:\/\/somosdaniysofi.com\/wp-content\/uploads\/2024\/11\/Familiar-3-1-1367x2048.jpg 1367w, https:\/\/somosdaniysofi.com\/wp-content\/uploads\/2024\/11\/Familiar-3-1-scaled.jpg 1709w\" sizes=\"auto, (max-width: 684px) 100vw, 684px\" \/><\/figure>\n<\/div>\n\n\n\n<div class=\"wp-block-uagb-container uagb-block-52cc0fb8\">\n<div class=\"wp-block-uagb-image uagb-block-7822bcce wp-block-uagb-image--layout-default wp-block-uagb-image--effect-static wp-block-uagb-image--align-none\"><figure class=\"wp-block-uagb-image__figure\"><img decoding=\"async\" srcset=\"https:\/\/somosdaniysofi.com\/wp-content\/uploads\/2024\/11\/Familiar-15-1024x684.jpg ,https:\/\/somosdaniysofi.com\/wp-content\/uploads\/2024\/11\/Familiar-15-scaled.jpg 780w, https:\/\/somosdaniysofi.com\/wp-content\/uploads\/2024\/11\/Familiar-15-scaled.jpg 360w\" sizes=\"auto, (max-width: 480px) 150px\" src=\"https:\/\/somosdaniysofi.com\/wp-content\/uploads\/2024\/11\/Familiar-15-1024x684.jpg\" alt=\"Fotograf\u00eda personalizada familiar en Madrid\" class=\"uag-image-4041\" width=\"1024\" height=\"684\" title=\"Familiar-15\" loading=\"lazy\" role=\"img\"\/><\/figure><\/div>\n\n\n\n<div class=\"wp-block-uagb-image uagb-block-1bc5ddab wp-block-uagb-image--layout-default wp-block-uagb-image--effect-static wp-block-uagb-image--align-none\"><figure class=\"wp-block-uagb-image__figure\"><img decoding=\"async\" srcset=\"https:\/\/somosdaniysofi.com\/wp-content\/uploads\/2024\/11\/Familiar-10-1024x684.jpg ,https:\/\/somosdaniysofi.com\/wp-content\/uploads\/2024\/11\/Familiar-10-scaled.jpg 780w, https:\/\/somosdaniysofi.com\/wp-content\/uploads\/2024\/11\/Familiar-10-scaled.jpg 360w\" sizes=\"auto, (max-width: 480px) 150px\" src=\"https:\/\/somosdaniysofi.com\/wp-content\/uploads\/2024\/11\/Familiar-10-1024x684.jpg\" alt=\"Retratos familiares en Madrid\" class=\"uag-image-4042\" width=\"1024\" height=\"684\" title=\"Familiar-10\" loading=\"lazy\" role=\"img\"\/><\/figure><\/div>\n<\/div>\n<\/div><\/div>\n\n\n\n<div class=\"wp-block-uagb-container uagb-block-2c685ac0 alignfull uagb-is-root-container\"><div class=\"uagb-container-inner-blocks-wrap\">\n<div class=\"wp-block-uagb-advanced-heading uagb-block-1459caf8\"><p class=\"uagb-heading-text\">Te acompa\u00f1amos en todo momento, desde la selecci\u00f3n del lugar ideal hasta la creaci\u00f3n de la atm\u00f3sfera perfecta para tu sesi\u00f3n en familia. Dada nuestra experiencia en fotograf\u00eda familiar, nos aseguramos de capturar la alegr\u00eda y complicidad de tu familia de forma natural y divertida.<\/p><\/div>\n\n\n\n<div style=\"height:25px\" aria-hidden=\"true\" class=\"wp-block-spacer\"><\/div>\n<\/div><\/div>\n\n\n\n<div class=\"wp-block-uagb-container uagb-block-e86259ae alignfull uagb-is-root-container\"><div class=\"uagb-container-inner-blocks-wrap\">\n<div class=\"wp-block-uagb-container uagb-block-049b39d6\">\n<div class=\"wp-block-uagb-image uagb-block-80925eef wp-block-uagb-image--layout-default wp-block-uagb-image--effect-static wp-block-uagb-image--align-none\"><figure class=\"wp-block-uagb-image__figure\"><img decoding=\"async\" srcset=\"https:\/\/somosdaniysofi.com\/wp-content\/uploads\/2024\/11\/Valentina-55-1024x684.jpg ,https:\/\/somosdaniysofi.com\/wp-content\/uploads\/2024\/11\/Valentina-55-scaled.jpg 780w, https:\/\/somosdaniysofi.com\/wp-content\/uploads\/2024\/11\/Valentina-55-scaled.jpg 360w\" sizes=\"auto, (max-width: 480px) 150px\" src=\"https:\/\/somosdaniysofi.com\/wp-content\/uploads\/2024\/11\/Valentina-55-1024x684.jpg\" alt=\"\" class=\"uag-image-4045\" width=\"1024\" height=\"684\" title=\"Valentina-55\" loading=\"lazy\" role=\"img\"\/><\/figure><\/div>\n\n\n\n<div class=\"wp-block-uagb-image uagb-block-b0219b07 wp-block-uagb-image--layout-default wp-block-uagb-image--effect-static wp-block-uagb-image--align-none\"><figure class=\"wp-block-uagb-image__figure\"><img decoding=\"async\" srcset=\"https:\/\/somosdaniysofi.com\/wp-content\/uploads\/2024\/11\/Familiar-32-1024x684.jpg ,https:\/\/somosdaniysofi.com\/wp-content\/uploads\/2024\/11\/Familiar-32-scaled.jpg 780w, https:\/\/somosdaniysofi.com\/wp-content\/uploads\/2024\/11\/Familiar-32-scaled.jpg 360w\" sizes=\"auto, (max-width: 480px) 150px\" src=\"https:\/\/somosdaniysofi.com\/wp-content\/uploads\/2024\/11\/Familiar-32-1024x684.jpg\" alt=\"\" class=\"uag-image-4044\" width=\"1024\" height=\"684\" title=\"Familiar-32\" loading=\"lazy\" role=\"img\"\/><\/figure><\/div>\n<\/div>\n\n\n\n<div class=\"wp-block-uagb-container uagb-block-8867f74c\">\n<div class=\"wp-block-uagb-image uagb-block-da94a9d0 wp-block-uagb-image--layout-default wp-block-uagb-image--effect-static wp-block-uagb-image--align-none\"><figure class=\"wp-block-uagb-image__figure\"><img decoding=\"async\" srcset=\"https:\/\/somosdaniysofi.com\/wp-content\/uploads\/2024\/11\/Familiar-7-684x1024.jpg ,https:\/\/somosdaniysofi.com\/wp-content\/uploads\/2024\/11\/Familiar-7-scaled.jpg 780w, https:\/\/somosdaniysofi.com\/wp-content\/uploads\/2024\/11\/Familiar-7-scaled.jpg 360w\" sizes=\"auto, (max-width: 480px) 150px\" src=\"https:\/\/somosdaniysofi.com\/wp-content\/uploads\/2024\/11\/Familiar-7-684x1024.jpg\" alt=\"Fotos familiares naturales en Madrid\" class=\"uag-image-4043\" width=\"539\" height=\"807\" title=\"Familiar-7\" loading=\"lazy\" role=\"img\"\/><\/figure><\/div>\n<\/div>\n<\/div><\/div>\n\n\n\n<div class=\"wp-block-uagb-container uagb-block-5778026d alignfull uagb-is-root-container\"><div class=\"uagb-container-inner-blocks-wrap\">\n<div class=\"wp-block-uagb-advanced-heading uagb-block-86ee2448\"><p class=\"uagb-heading-text\">Si est\u00e1s buscando un fot\u00f3grafo de familias en Madrid para capturar momentos especiales y crear recuerdos inolvidables, no dudes en contactarnos. Nos encargamos de hacer que cada sesi\u00f3n sea \u00fanica y personalizada para ti y tu familia. \u00a1Reserva tu sesi\u00f3n hoy mismo!<\/p><\/div>\n\n\n\n<div style=\"height:15px\" aria-hidden=\"true\" class=\"wp-block-spacer\"><\/div>\n<\/div><\/div>\n\n\n\n<div class=\"wp-block-uagb-container uagb-block-35a464d2 alignfull uagb-is-root-container\"><div class=\"uagb-container-inner-blocks-wrap\">\n<div class=\"wp-block-uagb-advanced-heading uagb-block-4e29ab31\"><h5 class=\"uagb-heading-text\"><strong>\u00bfTIENES DUDAS?<\/strong><\/h5><p class=\"uagb-desc-text\">Nosotros te ayudamos<\/p><\/div>\n\n\n<div class=\"wp-block-uagb-faq uagb-faq__outer-wrap uagb-block-917f14eb uagb-faq-icon-row-reverse uagb-faq-layout-accordion uagb-faq-expand-first-false uagb-faq-inactive-other-true uagb-faq__wrap uagb-buttons-layout-wrap uagb-faq-equal-height     \" data-faqtoggle=\"true\" role=\"tablist\"><div class=\"wp-block-uagb-faq-child uagb-faq-child__outer-wrap uagb-faq-item uagb-block-9936f2cd \" role=\"tab\" tabindex=\"0\"><div class=\"uagb-faq-questions-button uagb-faq-questions\">\t\t\t<span class=\"uagb-icon uagb-faq-icon-wrap\">\n\t\t\t\t\t\t\t\t<svg xmlns=\"https:\/\/www.w3.org\/2000\/svg\" viewBox= \"0 0 448 512\"><path d=\"M432 256c0 17.69-14.33 32.01-32 32.01H256v144c0 17.69-14.33 31.99-32 31.99s-32-14.3-32-31.99v-144H48c-17.67 0-32-14.32-32-32.01s14.33-31.99 32-31.99H192v-144c0-17.69 14.33-32.01 32-32.01s32 14.32 32 32.01v144h144C417.7 224 432 238.3 432 256z\"><\/path><\/svg>\n\t\t\t\t\t\t\t<\/span>\n\t\t\t\t\t\t<span class=\"uagb-icon-active uagb-faq-icon-wrap\">\n\t\t\t\t\t\t\t\t<svg xmlns=\"https:\/\/www.w3.org\/2000\/svg\" viewBox= \"0 0 448 512\"><path d=\"M400 288h-352c-17.69 0-32-14.32-32-32.01s14.31-31.99 32-31.99h352c17.69 0 32 14.3 32 31.99S417.7 288 400 288z\"><\/path><\/svg>\n\t\t\t\t\t\t\t<\/span>\n\t\t\t<span class=\"uagb-question\">\u00bfQu\u00e9 ropa elegir para una sesi\u00f3n de fotos familiar?<\/span><\/div><div class=\"uagb-faq-content\"><p>Como consejo, <strong>evitad el blanco y los estampados demasiado llamativos<\/strong> para que las fotos no se vean sobrecargadas. Lo m\u00e1s importante es que os sint\u00e1is c\u00f3modos y a gusto con la ropa que eleg\u00eds, ya que eso se reflejar\u00e1 en el reportaje.<\/p><\/div><\/div><div class=\"wp-block-uagb-faq-child uagb-faq-child__outer-wrap uagb-faq-item uagb-block-6f1f35b2 \" role=\"tab\" tabindex=\"0\"><div class=\"uagb-faq-questions-button uagb-faq-questions\">\t\t\t<span class=\"uagb-icon uagb-faq-icon-wrap\">\n\t\t\t\t\t\t\t\t<svg xmlns=\"https:\/\/www.w3.org\/2000\/svg\" viewBox= \"0 0 448 512\"><path d=\"M432 256c0 17.69-14.33 32.01-32 32.01H256v144c0 17.69-14.33 31.99-32 31.99s-32-14.3-32-31.99v-144H48c-17.67 0-32-14.32-32-32.01s14.33-31.99 32-31.99H192v-144c0-17.69 14.33-32.01 32-32.01s32 14.32 32 32.01v144h144C417.7 224 432 238.3 432 256z\"><\/path><\/svg>\n\t\t\t\t\t\t\t<\/span>\n\t\t\t\t\t\t<span class=\"uagb-icon-active uagb-faq-icon-wrap\">\n\t\t\t\t\t\t\t\t<svg xmlns=\"https:\/\/www.w3.org\/2000\/svg\" viewBox= \"0 0 448 512\"><path d=\"M400 288h-352c-17.69 0-32-14.32-32-32.01s14.31-31.99 32-31.99h352c17.69 0 32 14.3 32 31.99S417.7 288 400 288z\"><\/path><\/svg>\n\t\t\t\t\t\t\t<\/span>\n\t\t\t<span class=\"uagb-question\">\u00bfDispon\u00e9is de packs para la sesi\u00f3n familiar?<\/span><\/div><div class=\"uagb-faq-content\"><p><strong>S\u00ed, disponemos de varios packs<\/strong> que os permitir\u00e1n escoger el que mejor se adapte a lo que est\u00e9is buscando para que conserv\u00e9is los recuerdos en familia. No dud\u00e9is en contactarnos para que os expliquemos en qu\u00e9 consisten. <\/p><\/div><\/div><div class=\"wp-block-uagb-faq-child uagb-faq-child__outer-wrap uagb-faq-item uagb-block-524d1b39 \" role=\"tab\" tabindex=\"0\"><div class=\"uagb-faq-questions-button uagb-faq-questions\">\t\t\t<span class=\"uagb-icon uagb-faq-icon-wrap\">\n\t\t\t\t\t\t\t\t<svg xmlns=\"https:\/\/www.w3.org\/2000\/svg\" viewBox= \"0 0 448 512\"><path d=\"M432 256c0 17.69-14.33 32.01-32 32.01H256v144c0 17.69-14.33 31.99-32 31.99s-32-14.3-32-31.99v-144H48c-17.67 0-32-14.32-32-32.01s14.33-31.99 32-31.99H192v-144c0-17.69 14.33-32.01 32-32.01s32 14.32 32 32.01v144h144C417.7 224 432 238.3 432 256z\"><\/path><\/svg>\n\t\t\t\t\t\t\t<\/span>\n\t\t\t\t\t\t<span class=\"uagb-icon-active uagb-faq-icon-wrap\">\n\t\t\t\t\t\t\t\t<svg xmlns=\"https:\/\/www.w3.org\/2000\/svg\" viewBox= \"0 0 448 512\"><path d=\"M400 288h-352c-17.69 0-32-14.32-32-32.01s14.31-31.99 32-31.99h352c17.69 0 32 14.3 32 31.99S417.7 288 400 288z\"><\/path><\/svg>\n\t\t\t\t\t\t\t<\/span>\n\t\t\t<span class=\"uagb-question\">\u00bfPuedo incluir a mi mascota en las fotos familiares?<\/span><\/div><div class=\"uagb-faq-content\"><p>\u00a1Por supuesto! <strong>Ellos son parte de la familia<\/strong> y capturar esos momentos juntos har\u00e1 que vuestros recuerdos sean a\u00fan m\u00e1s especiales.<\/p><\/div><\/div><div class=\"wp-block-uagb-faq-child uagb-faq-child__outer-wrap uagb-faq-item uagb-block-ee81bf16 \" role=\"tab\" tabindex=\"0\"><div class=\"uagb-faq-questions-button uagb-faq-questions\">\t\t\t<span class=\"uagb-icon uagb-faq-icon-wrap\">\n\t\t\t\t\t\t\t\t<svg xmlns=\"https:\/\/www.w3.org\/2000\/svg\" viewBox= \"0 0 448 512\"><path d=\"M432 256c0 17.69-14.33 32.01-32 32.01H256v144c0 17.69-14.33 31.99-32 31.99s-32-14.3-32-31.99v-144H48c-17.67 0-32-14.32-32-32.01s14.33-31.99 32-31.99H192v-144c0-17.69 14.33-32.01 32-32.01s32 14.32 32 32.01v144h144C417.7 224 432 238.3 432 256z\"><\/path><\/svg>\n\t\t\t\t\t\t\t<\/span>\n\t\t\t\t\t\t<span class=\"uagb-icon-active uagb-faq-icon-wrap\">\n\t\t\t\t\t\t\t\t<svg xmlns=\"https:\/\/www.w3.org\/2000\/svg\" viewBox= \"0 0 448 512\"><path d=\"M400 288h-352c-17.69 0-32-14.32-32-32.01s14.31-31.99 32-31.99h352c17.69 0 32 14.3 32 31.99S417.7 288 400 288z\"><\/path><\/svg>\n\t\t\t\t\t\t\t<\/span>\n\t\t\t<span class=\"uagb-question\">\u00bfExiste la posibilidad de tener los brutos?<\/span><\/div><div class=\"uagb-faq-content\"><p>Entendemos el inter\u00e9s y curiosidad en poder acceder al material original. Sin embargo, nos gustar\u00eda explicarte por qu\u00e9 no lo hacemos y solo entregamos el montaje como producto final:<br><br>\u2013 El trabajo que ofrecemos no solo en fotografiar, sino tambi\u00e9n en seleccionar las mejores tomas, editarlas, retocar color, pieles, etc. Los brutos son solo la materia prima, y no representan la calidad final que queremos ofreceros.<br>\u2013 Derechos de autor\/imagen. No podemos distribuir estos materiales sin autorizaci\u00f3n.<\/p><\/div><\/div><div class=\"wp-block-uagb-faq-child uagb-faq-child__outer-wrap uagb-faq-item uagb-block-9b5200a9 \" role=\"tab\" tabindex=\"0\"><div class=\"uagb-faq-questions-button uagb-faq-questions\">\t\t\t<span class=\"uagb-icon uagb-faq-icon-wrap\">\n\t\t\t\t\t\t\t\t<svg xmlns=\"https:\/\/www.w3.org\/2000\/svg\" viewBox= \"0 0 448 512\"><path d=\"M432 256c0 17.69-14.33 32.01-32 32.01H256v144c0 17.69-14.33 31.99-32 31.99s-32-14.3-32-31.99v-144H48c-17.67 0-32-14.32-32-32.01s14.33-31.99 32-31.99H192v-144c0-17.69 14.33-32.01 32-32.01s32 14.32 32 32.01v144h144C417.7 224 432 238.3 432 256z\"><\/path><\/svg>\n\t\t\t\t\t\t\t<\/span>\n\t\t\t\t\t\t<span class=\"uagb-icon-active uagb-faq-icon-wrap\">\n\t\t\t\t\t\t\t\t<svg xmlns=\"https:\/\/www.w3.org\/2000\/svg\" viewBox= \"0 0 448 512\"><path d=\"M400 288h-352c-17.69 0-32-14.32-32-32.01s14.31-31.99 32-31.99h352c17.69 0 32 14.3 32 31.99S417.7 288 400 288z\"><\/path><\/svg>\n\t\t\t\t\t\t\t<\/span>\n\t\t\t<span class=\"uagb-question\">\u00a0\u00bfC\u00f3mo puedo reservar una sesi\u00f3n?<\/span><\/div><div class=\"uagb-faq-content\"><p>Para ponerte en contacto con nosotros puedes escribirnos directamente a nuestro correo electr\u00f3nico (somosdaniysofi@gmail.com), escribirnos por <a href=\"https:\/\/www.instagram.com\/somosdaniysofi\/\">Instagram<\/a>, o bien mediante el formulario de <a data-type=\"page\" data-id=\"2371\" href=\"https:\/\/somosdaniysofi.com\/index.php\/contacto\/\">contacto<\/a>.<\/p><\/div><\/div><\/div><\/div><\/div>\n\n\n\n<hr class=\"wp-block-separator has-text-color has-ast-global-color-1-color has-alpha-channel-opacity has-ast-global-color-1-background-color has-background is-style-default\"\/>\n\n\n\n<div class=\"wp-block-uagb-container uagb-block-62af44a2 default uagb-is-root-container\">\n<div class=\"wp-block-uagb-advanced-heading uagb-block-eca19786\"><h3 class=\"uagb-heading-text\">TE PODR\u00cdA INTERESAR&#8230;<\/h3><p class=\"uagb-desc-text\">Contamos con otros servicios de fotograf\u00eda y v\u00eddeo que podr\u00edan interesarte<\/p><\/div>\n\n\n\n<div class=\"wp-block-uagb-container uagb-block-4bb13b28\">\n<div class=\"wp-block-uagb-container uagb-block-b9d84a33\">\n<div class=\"wp-block-uagb-advanced-heading uagb-block-8d8fadf9\"><h4 class=\"uagb-heading-text\"><a href=\"https:\/\/somosdaniysofi.com\/index.php\/sesion-de-navidad-madrid\/\">SESI\u00d3N DE NAVIDAD<\/a><\/h4><\/div>\n<\/div>\n\n\n\n<div class=\"wp-block-uagb-container uagb-block-5edd4dc7\">\n<div class=\"wp-block-uagb-advanced-heading uagb-block-28297792\"><h4 class=\"uagb-heading-text\"><a href=\"https:\/\/somosdaniysofi.com\/index.php\/fotografia-de-bautizo\/\">FOTOGRAF\u00cdA DE BAUTIZO<\/a><\/h4><\/div>\n<\/div>\n\n\n\n<div class=\"wp-block-uagb-container uagb-block-89b459c8\">\n<div class=\"wp-block-uagb-advanced-heading uagb-block-df30f403\"><h4 class=\"uagb-heading-text\"><a href=\"https:\/\/somosdaniysofi.com\/index.php\/fotografia-de-recien-nacido\/\">FOTOGRAF\u00cdA DE RECI\u00c9N NACIDO<\/a><\/h4><\/div>\n<\/div>\n<\/div>\n<\/div>\n","protected":false},"excerpt":{"rendered":"<p>En Madrid, capturamos la esencia de tu familia con nuestro servicio personalizado de fotograf\u00eda familiar. Inmortalizamos momentos \u00fanicos y divertidos en un entorno natural o en tu propio hogar, creando recuerdos inolvidables para toda la vida. Te acompa\u00f1amos en todo momento, desde la selecci\u00f3n del lugar ideal hasta la creaci\u00f3n de la atm\u00f3sfera perfecta para [&hellip;]<\/p>\n","protected":false},"author":1,"featured_media":0,"parent":0,"menu_order":0,"comment_status":"closed","ping_status":"closed","template":"","meta":{"_uag_custom_page_level_css":"","site-sidebar-layout":"default","site-content-layout":"","ast-site-content-layout":"default","site-content-style":"default","site-sidebar-style":"default","ast-global-header-display":"","ast-banner-title-visibility":"","ast-main-header-display":"","ast-hfb-above-header-display":"","ast-hfb-below-header-display":"","ast-hfb-mobile-header-display":"","site-post-title":"disabled","ast-breadcrumbs-content":"","ast-featured-img":"","footer-sml-layout":"","theme-transparent-header-meta":"","adv-header-id-meta":"","stick-header-meta":"","header-above-stick-meta":"","header-main-stick-meta":"","header-below-stick-meta":"","astra-migrate-meta-layouts":"set","ast-page-background-enabled":"default","ast-page-background-meta":{"desktop":{"background-color":"","background-image":"","background-repeat":"repeat","background-position":"center center","background-size":"auto","background-attachment":"scroll","background-type":"","background-media":"","overlay-type":"","overlay-color":"","overlay-opacity":"","overlay-gradient":""},"tablet":{"background-color":"","background-image":"","background-repeat":"repeat","background-position":"center center","background-size":"auto","background-attachment":"scroll","background-type":"","background-media":"","overlay-type":"","overlay-color":"","overlay-opacity":"","overlay-gradient":""},"mobile":{"background-color":"","background-image":"","background-repeat":"repeat","background-position":"center center","background-size":"auto","background-attachment":"scroll","background-type":"","background-media":"","overlay-type":"","overlay-color":"","overlay-opacity":"","overlay-gradient":""}},"ast-content-background-meta":{"desktop":{"background-color":"var(--ast-global-color-5)","background-image":"","background-repeat":"repeat","background-position":"center center","background-size":"auto","background-attachment":"scroll","background-type":"","background-media":"","overlay-type":"","overlay-color":"","overlay-opacity":"","overlay-gradient":""},"tablet":{"background-color":"var(--ast-global-color-5)","background-image":"","background-repeat":"repeat","background-position":"center center","background-size":"auto","background-attachment":"scroll","background-type":"","background-media":"","overlay-type":"","overlay-color":"","overlay-opacity":"","overlay-gradient":""},"mobile":{"background-color":"var(--ast-global-color-5)","background-image":"","background-repeat":"repeat","background-position":"center center","background-size":"auto","background-attachment":"scroll","background-type":"","background-media":"","overlay-type":"","overlay-color":"","overlay-opacity":"","overlay-gradient":""}},"footnotes":""},"class_list":["post-4038","page","type-page","status-publish","hentry"],"yoast_head":"<!-- This site is optimized with the Yoast SEO plugin v27.5 - https:\/\/yoast.com\/product\/yoast-seo-wordpress\/ -->\n<title>Fotograf\u00eda familiar - Somos Dani &amp; Sofi<\/title>\n<meta name=\"description\" content=\"Fotograf\u00eda familiar en Madrid: Captura los mejores momentos en familia con sesiones familiares personalizadas, naturales y divertidas.\" \/>\n<meta name=\"robots\" content=\"index, follow, max-snippet:-1, max-image-preview:large, max-video-preview:-1\" \/>\n<link rel=\"canonical\" href=\"https:\/\/somosdaniysofi.com\/index.php\/fotografia-familiar-familia\/\" \/>\n<meta property=\"og:locale\" content=\"es_ES\" \/>\n<meta property=\"og:type\" content=\"article\" \/>\n<meta property=\"og:title\" content=\"Fotograf\u00eda familiar - Somos Dani &amp; Sofi\" \/>\n<meta property=\"og:description\" content=\"Fotograf\u00eda familiar en Madrid: Captura los mejores momentos en familia con sesiones familiares personalizadas, naturales y divertidas.\" \/>\n<meta property=\"og:url\" content=\"https:\/\/somosdaniysofi.com\/index.php\/fotografia-familiar-familia\/\" \/>\n<meta property=\"og:site_name\" content=\"Somos Dani &amp; Sofi\" \/>\n<meta property=\"article:modified_time\" content=\"2025-06-26T19:04:25+00:00\" \/>\n<meta property=\"og:image\" content=\"https:\/\/somosdaniysofi.com\/wp-content\/uploads\/2024\/11\/Familiar-3-1024x684.jpg\" \/>\n<meta name=\"twitter:card\" content=\"summary_large_image\" \/>\n<meta name=\"twitter:label1\" content=\"Tiempo de lectura\" \/>\n\t<meta name=\"twitter:data1\" content=\"3 minutos\" \/>\n<script type=\"application\/ld+json\" class=\"yoast-schema-graph\">{\"@context\":\"https:\\\/\\\/schema.org\",\"@graph\":[{\"@type\":\"WebPage\",\"@id\":\"https:\\\/\\\/somosdaniysofi.com\\\/index.php\\\/fotografia-familiar-familia\\\/\",\"url\":\"https:\\\/\\\/somosdaniysofi.com\\\/index.php\\\/fotografia-familiar-familia\\\/\",\"name\":\"Fotograf\u00eda familiar - Somos Dani &amp; Sofi\",\"isPartOf\":{\"@id\":\"https:\\\/\\\/somosdaniysofi.com\\\/#website\"},\"primaryImageOfPage\":{\"@id\":\"https:\\\/\\\/somosdaniysofi.com\\\/index.php\\\/fotografia-familiar-familia\\\/#primaryimage\"},\"image\":{\"@id\":\"https:\\\/\\\/somosdaniysofi.com\\\/index.php\\\/fotografia-familiar-familia\\\/#primaryimage\"},\"thumbnailUrl\":\"https:\\\/\\\/somosdaniysofi.com\\\/wp-content\\\/uploads\\\/2024\\\/11\\\/Familiar-3-1024x684.jpg\",\"datePublished\":\"2024-11-09T18:12:03+00:00\",\"dateModified\":\"2025-06-26T19:04:25+00:00\",\"description\":\"Fotograf\u00eda familiar en Madrid: Captura los mejores momentos en familia con sesiones familiares personalizadas, naturales y divertidas.\",\"breadcrumb\":{\"@id\":\"https:\\\/\\\/somosdaniysofi.com\\\/index.php\\\/fotografia-familiar-familia\\\/#breadcrumb\"},\"inLanguage\":\"es\",\"potentialAction\":[{\"@type\":\"ReadAction\",\"target\":[\"https:\\\/\\\/somosdaniysofi.com\\\/index.php\\\/fotografia-familiar-familia\\\/\"]}]},{\"@type\":\"ImageObject\",\"inLanguage\":\"es\",\"@id\":\"https:\\\/\\\/somosdaniysofi.com\\\/index.php\\\/fotografia-familiar-familia\\\/#primaryimage\",\"url\":\"https:\\\/\\\/somosdaniysofi.com\\\/wp-content\\\/uploads\\\/2024\\\/11\\\/Familiar-3-scaled.jpg\",\"contentUrl\":\"https:\\\/\\\/somosdaniysofi.com\\\/wp-content\\\/uploads\\\/2024\\\/11\\\/Familiar-3-scaled.jpg\",\"width\":2560,\"height\":1709},{\"@type\":\"BreadcrumbList\",\"@id\":\"https:\\\/\\\/somosdaniysofi.com\\\/index.php\\\/fotografia-familiar-familia\\\/#breadcrumb\",\"itemListElement\":[{\"@type\":\"ListItem\",\"position\":1,\"name\":\"Portada\",\"item\":\"https:\\\/\\\/somosdaniysofi.com\\\/\"},{\"@type\":\"ListItem\",\"position\":2,\"name\":\"Familiar\"}]},{\"@type\":\"WebSite\",\"@id\":\"https:\\\/\\\/somosdaniysofi.com\\\/#website\",\"url\":\"https:\\\/\\\/somosdaniysofi.com\\\/\",\"name\":\"somosdaniysofi.com\",\"description\":\"Fotograf\u00eda y video en Madrid. Bodas, Bautizos, Premam\u00e1 y m\u00e1s\",\"publisher\":{\"@id\":\"https:\\\/\\\/somosdaniysofi.com\\\/#\\\/schema\\\/person\\\/16a4aabfcd6ecbfa99f355c8539930a2\"},\"potentialAction\":[{\"@type\":\"SearchAction\",\"target\":{\"@type\":\"EntryPoint\",\"urlTemplate\":\"https:\\\/\\\/somosdaniysofi.com\\\/?s={search_term_string}\"},\"query-input\":{\"@type\":\"PropertyValueSpecification\",\"valueRequired\":true,\"valueName\":\"search_term_string\"}}],\"inLanguage\":\"es\"},{\"@type\":[\"Person\",\"Organization\"],\"@id\":\"https:\\\/\\\/somosdaniysofi.com\\\/#\\\/schema\\\/person\\\/16a4aabfcd6ecbfa99f355c8539930a2\",\"name\":\"somosdaniysofi\",\"image\":{\"@type\":\"ImageObject\",\"inLanguage\":\"es\",\"@id\":\"https:\\\/\\\/somosdaniysofi.com\\\/wp-content\\\/uploads\\\/2023\\\/08\\\/El_elegido-removebg-preview.png\",\"url\":\"https:\\\/\\\/somosdaniysofi.com\\\/wp-content\\\/uploads\\\/2023\\\/08\\\/El_elegido-removebg-preview.png\",\"contentUrl\":\"https:\\\/\\\/somosdaniysofi.com\\\/wp-content\\\/uploads\\\/2023\\\/08\\\/El_elegido-removebg-preview.png\",\"width\":500,\"height\":500,\"caption\":\"somosdaniysofi\"},\"logo\":{\"@id\":\"https:\\\/\\\/somosdaniysofi.com\\\/wp-content\\\/uploads\\\/2023\\\/08\\\/El_elegido-removebg-preview.png\"},\"sameAs\":[\"https:\\\/\\\/somosdaniysofi.com\"]}]}<\/script>\n<!-- \/ Yoast SEO plugin. -->","yoast_head_json":{"title":"Fotograf\u00eda familiar - Somos Dani &amp; Sofi","description":"Fotograf\u00eda familiar en Madrid: Captura los mejores momentos en familia con sesiones familiares personalizadas, naturales y divertidas.","robots":{"index":"index","follow":"follow","max-snippet":"max-snippet:-1","max-image-preview":"max-image-preview:large","max-video-preview":"max-video-preview:-1"},"canonical":"https:\/\/somosdaniysofi.com\/index.php\/fotografia-familiar-familia\/","og_locale":"es_ES","og_type":"article","og_title":"Fotograf\u00eda familiar - Somos Dani &amp; Sofi","og_description":"Fotograf\u00eda familiar en Madrid: Captura los mejores momentos en familia con sesiones familiares personalizadas, naturales y divertidas.","og_url":"https:\/\/somosdaniysofi.com\/index.php\/fotografia-familiar-familia\/","og_site_name":"Somos Dani &amp; Sofi","article_modified_time":"2025-06-26T19:04:25+00:00","og_image":[{"url":"https:\/\/somosdaniysofi.com\/wp-content\/uploads\/2024\/11\/Familiar-3-1024x684.jpg","type":"","width":"","height":""}],"twitter_card":"summary_large_image","twitter_misc":{"Tiempo de lectura":"3 minutos"},"schema":{"@context":"https:\/\/schema.org","@graph":[{"@type":"WebPage","@id":"https:\/\/somosdaniysofi.com\/index.php\/fotografia-familiar-familia\/","url":"https:\/\/somosdaniysofi.com\/index.php\/fotografia-familiar-familia\/","name":"Fotograf\u00eda familiar - Somos Dani &amp; Sofi","isPartOf":{"@id":"https:\/\/somosdaniysofi.com\/#website"},"primaryImageOfPage":{"@id":"https:\/\/somosdaniysofi.com\/index.php\/fotografia-familiar-familia\/#primaryimage"},"image":{"@id":"https:\/\/somosdaniysofi.com\/index.php\/fotografia-familiar-familia\/#primaryimage"},"thumbnailUrl":"https:\/\/somosdaniysofi.com\/wp-content\/uploads\/2024\/11\/Familiar-3-1024x684.jpg","datePublished":"2024-11-09T18:12:03+00:00","dateModified":"2025-06-26T19:04:25+00:00","description":"Fotograf\u00eda familiar en Madrid: Captura los mejores momentos en familia con sesiones familiares personalizadas, naturales y divertidas.","breadcrumb":{"@id":"https:\/\/somosdaniysofi.com\/index.php\/fotografia-familiar-familia\/#breadcrumb"},"inLanguage":"es","potentialAction":[{"@type":"ReadAction","target":["https:\/\/somosdaniysofi.com\/index.php\/fotografia-familiar-familia\/"]}]},{"@type":"ImageObject","inLanguage":"es","@id":"https:\/\/somosdaniysofi.com\/index.php\/fotografia-familiar-familia\/#primaryimage","url":"https:\/\/somosdaniysofi.com\/wp-content\/uploads\/2024\/11\/Familiar-3-scaled.jpg","contentUrl":"https:\/\/somosdaniysofi.com\/wp-content\/uploads\/2024\/11\/Familiar-3-scaled.jpg","width":2560,"height":1709},{"@type":"BreadcrumbList","@id":"https:\/\/somosdaniysofi.com\/index.php\/fotografia-familiar-familia\/#breadcrumb","itemListElement":[{"@type":"ListItem","position":1,"name":"Portada","item":"https:\/\/somosdaniysofi.com\/"},{"@type":"ListItem","position":2,"name":"Familiar"}]},{"@type":"WebSite","@id":"https:\/\/somosdaniysofi.com\/#website","url":"https:\/\/somosdaniysofi.com\/","name":"somosdaniysofi.com","description":"Fotograf\u00eda y video en Madrid. Bodas, Bautizos, Premam\u00e1 y m\u00e1s","publisher":{"@id":"https:\/\/somosdaniysofi.com\/#\/schema\/person\/16a4aabfcd6ecbfa99f355c8539930a2"},"potentialAction":[{"@type":"SearchAction","target":{"@type":"EntryPoint","urlTemplate":"https:\/\/somosdaniysofi.com\/?s={search_term_string}"},"query-input":{"@type":"PropertyValueSpecification","valueRequired":true,"valueName":"search_term_string"}}],"inLanguage":"es"},{"@type":["Person","Organization"],"@id":"https:\/\/somosdaniysofi.com\/#\/schema\/person\/16a4aabfcd6ecbfa99f355c8539930a2","name":"somosdaniysofi","image":{"@type":"ImageObject","inLanguage":"es","@id":"https:\/\/somosdaniysofi.com\/wp-content\/uploads\/2023\/08\/El_elegido-removebg-preview.png","url":"https:\/\/somosdaniysofi.com\/wp-content\/uploads\/2023\/08\/El_elegido-removebg-preview.png","contentUrl":"https:\/\/somosdaniysofi.com\/wp-content\/uploads\/2023\/08\/El_elegido-removebg-preview.png","width":500,"height":500,"caption":"somosdaniysofi"},"logo":{"@id":"https:\/\/somosdaniysofi.com\/wp-content\/uploads\/2023\/08\/El_elegido-removebg-preview.png"},"sameAs":["https:\/\/somosdaniysofi.com"]}]}},"uagb_featured_image_src":{"full":false,"thumbnail":false,"medium":false,"medium_large":false,"large":false,"1536x1536":false,"2048x2048":false},"uagb_author_info":{"display_name":"somosdaniysofi","author_link":"https:\/\/somosdaniysofi.com\/index.php\/author\/somosdaniysofi\/"},"uagb_comment_info":0,"uagb_excerpt":"En Madrid, capturamos la esencia de tu familia con nuestro servicio personalizado de fotograf\u00eda familiar. Inmortalizamos momentos \u00fanicos y divertidos en un entorno natural o en tu propio hogar, creando recuerdos inolvidables para toda la vida. Te acompa\u00f1amos en todo momento, desde la selecci\u00f3n del lugar ideal hasta la creaci\u00f3n de la atm\u00f3sfera perfecta para&hellip;","_links":{"self":[{"href":"https:\/\/somosdaniysofi.com\/index.php\/wp-json\/wp\/v2\/pages\/4038","targetHints":{"allow":["GET"]}}],"collection":[{"href":"https:\/\/somosdaniysofi.com\/index.php\/wp-json\/wp\/v2\/pages"}],"about":[{"href":"https:\/\/somosdaniysofi.com\/index.php\/wp-json\/wp\/v2\/types\/page"}],"author":[{"embeddable":true,"href":"https:\/\/somosdaniysofi.com\/index.php\/wp-json\/wp\/v2\/users\/1"}],"replies":[{"embeddable":true,"href":"https:\/\/somosdaniysofi.com\/index.php\/wp-json\/wp\/v2\/comments?post=4038"}],"version-history":[{"count":11,"href":"https:\/\/somosdaniysofi.com\/index.php\/wp-json\/wp\/v2\/pages\/4038\/revisions"}],"predecessor-version":[{"id":4145,"href":"https:\/\/somosdaniysofi.com\/index.php\/wp-json\/wp\/v2\/pages\/4038\/revisions\/4145"}],"wp:attachment":[{"href":"https:\/\/somosdaniysofi.com\/index.php\/wp-json\/wp\/v2\/media?parent=4038"}],"curies":[{"name":"wp","href":"https:\/\/api.w.org\/{rel}","templated":true}]}}